{"id":8644,"date":"2017-04-28T09:15:16","date_gmt":"2017-04-28T08:15:16","guid":{"rendered":"http:\/\/aaq.ch\/it\/?page_id=8644"},"modified":"2026-01-26T16:58:05","modified_gmt":"2026-01-26T15:58:05","slug":"accreditamento-di-programma","status":"publish","type":"page","link":"https:\/\/aaq.ch\/it\/accreditamento\/accreditamento-di-programma\/","title":{"rendered":"Accreditamento di programma"},"content":{"rendered":"<div class=\"wpb-content-wrapper\">[vc_row][vc_column][vc_column_text css=\".vc_custom_1443546093976{margin-bottom: 35px !important;}\"]\n<h4>Accreditamento di programma<\/h4>\n[\/vc_column_text][vc_column_text css=\".vc_custom_1588878551036{margin-bottom: 35px !important;}\"]L\u2019AAQ conduce in Svizzera diverse forme di accreditamento a livello di programmi di studio:<\/p>\n<ul>\n<li><a href=\"https:\/\/aaq.ch\/it\/accreditamento\/accreditamento-di-programma\/#LPSU\">L\u2019accreditamento di programmi in base alla LPSU<\/a><\/li>\n<li><a href=\"https:\/\/aaq.ch\/it\/accreditamento\/accreditamento-di-programma\/#LPSan\">L\u2019accreditamento di cicli di studio secondo la LPSU e la LPSan<\/a><\/li>\n<li><a href=\"https:\/\/aaq.ch\/it\/accreditamento\/accreditamento-di-programma\/#LPSU-LPMed\">L\u2019accreditamento della formazione di base nell\u2019ambito delle professioni mediche universitarie, in base alla LPSU e alla LPMed<\/a><\/li>\n<li><a href=\"https:\/\/aaq.ch\/it\/accreditamento\/accreditamento-di-programma\/#LPMed\">L\u2019accreditamento della formazione di perfezionamento nell\u2019ambito delle professioni mediche universitarie, in base alla LPMed<\/a><\/li>\n<li><a href=\"https:\/\/aaq.ch\/it\/accreditamento\/accreditamento-di-programma\/#LPPsi\">L\u2019accreditamento di cicli di perfezionamento delle professioni psicologiche, in base alla LPPsi<\/a><\/li>\n<\/ul>\n[\/vc_column_text]<div class=\"hr solid_light\" style=\"margin:10px 0px !important;\"><\/div><div class=\"clearfix\"><\/div>[\/vc_column][\/vc_row][vc_row][vc_column][vc_column_text css=\".vc_custom_1492076233230{margin-bottom: 35px !important;}\"]\n<h4><a id=\"LPSU\"><\/a>L\u2019accreditamento di programmi in base alla LPSU<\/h4>\n[\/vc_column_text][vc_column_text css=\".vc_custom_1493195969233{margin-bottom: 35px !important;}\"]L\u2019AAQ effettua accreditamenti di programma presso scuole universitarie in Svizzera. Gli accreditamenti di programma esaminano i cicli di studio Bachelor e Master cos\u00ec come i cicli di perfezionamento quali MAS o EMBA e sono in Svizzera facoltativi. La condizione preliminare per l\u2019accreditamento di programma in conformit\u00e0 alla Legge federale sulla promozione e sul coordinamento del settore universitario svizzero (LPSU) prevede che la relativa scuola universitaria sia accreditata a livello istituzionale. L\u2019istanza decisionale per l\u2019accreditamento in conformit\u00e0 alla LPSU \u00e8 il Consiglio svizzero di accreditamento.<\/p>\n<p>L\u2019AAQ pu\u00f2 rilasciare il marchio\u00a0EUR-ACE\u00a0a cicli di studi d\u2019ingegneria accreditati.[\/vc_column_text]<div class=\"toggle style4\"><div class=\"toggle-title \"><div class=\"status-icon fright\"><i class=\"fa fa-plus\"><\/i><\/div><span><i class='icon fa fa-download'><\/i> Downloads<\/span><\/div><div class=\"toggle-inner\"><ul class=\"dlm-downloads\"><li><a class=\"download-link\" title=\"\" href=\"https:\/\/aaq.ch\/it\/download\/domanda-di-accreditamento-di-programma-secondo-la-lpsu\/?tmstv=1777583272\" rel=\"nofollow\">\n\tDomanda di accreditamento di programma secondo la LPSU  \n\t(docx, 46,59 KB)\n\t\n<\/a><\/li><li><a class=\"download-link\" title=\"\" href=\"https:\/\/aaq.ch\/it\/download\/accreditamento-di-programmi-secondo-la-lpsu\/?tmstv=1777583272\" rel=\"nofollow\">\n\tGuida accreditamento di programmi secondo la LPSU  \n\t(pdf, 2,89 MB)\n\t\n<\/a><\/li><\/ul>\n\t\t\t\t<\/div><\/div><div class=\"toggle style4\"><div class=\"toggle-title \"><div class=\"status-icon fright\"><i class=\"fa fa-plus\"><\/i><\/div><span><i class='icon fa fa-link'><\/i> Links<\/span><\/div><div class=\"toggle-inner\">\n<ul>\n<li><a href=\"https:\/\/www.admin.ch\/opc\/it\/classified-compilation\/20070429\/index.html\" target=\"_blank\" rel=\"noopener\">Legge sulla promozione e sul coordinamento del settore universitario svizzero, LPSU<\/a><\/li>\n<li><a href=\"https:\/\/www.admin.ch\/opc\/it\/classified-compilation\/20151363\/index.html\" target=\"_blank\" rel=\"noopener\">Ordinanza per l'accreditamento LPSU<\/a><\/li>\n<\/ul>\n<\/div><\/div><div class=\"toggle style4\"><div class=\"toggle-title \"><div class=\"status-icon fright\"><i class=\"fa fa-plus\"><\/i><\/div><span><i class='icon fa fa-user'><\/i> Contatto<\/span><\/div><div class=\"toggle-inner\">Claudia Di Lecce<br \/>\n<a href=\"mai&#108;&#116;&#111;&#58;&#x63;&#x6c;&#x61;&#x75;&#x64;&#x69;&#x61;&#46;di&#108;&#101;&#99;&#99;&#101;&#x40;&#x61;&#x61;&#x71;&#x2e;&#x63;h\">&#99;&#x6c;&#97;&#x75;&#100;&#x69;&#97;&#x2e;&#100;&#x69;&#108;&#x65;&#99;&#x63;&#101;&#x40;&#97;&#x61;&#113;&#x2e;&#99;&#x68;<\/a><\/div><\/div><div class=\"hr solid_light\" style=\"margin:10px 0px !important;\"><\/div><div class=\"clearfix\"><\/div><div class=\"hr none\" style=\"margin:10px 0px !important;\"><\/div><div class=\"clearfix\"><\/div>[\/vc_column][\/vc_row][vc_row][vc_column][vc_column_text css=\".vc_custom_1588878519616{margin-bottom: 35px !important;}\"]\n<h4><a id=\"LPSan\"><\/a>L\u2019accreditamento di cicli di studio secondo la LPSU e la LPSan<\/h4>\n[\/vc_column_text][vc_column_text css=\".vc_custom_1588769016593{margin-bottom: 35px !important;}\"]L\u2019articolo 6 capoverso 1 della Legge federale sulle professioni sanitarie (LPSan) stabilisce che i cicli di studio nell\u2019ambito delle professioni sanitarie menzionate nella LPSan devono essere accreditati.<\/p>\n<p>Le procedure, la durata e i costi per l\u2019accreditamento sono conformi alle disposizioni della Legge federale sulla promozione e sul coordinamento del settore Universitario (LPSU).<\/p>\n<p>Gli standard di accreditamento specifici alle professioni della salute sono stati definiti nel quadro di una specifica ordinanza del Dipartimento federale degli interni (DFI). La verifica, nell\u2019ambito della procedura, porta su questi standard disciplinari unitamente agli standard di qualit\u00e0 generici definiti per l\u2019accreditamento di programmi di studio secondo la LPSU.<\/p>\n<p>L'autorit\u00e0 decisionale \u00e8 il Consiglio svizzero di accreditamento (CSA).<\/p>\n<p>Le scuole universitarie possono presentare domanda di accreditamento per i loro cicli di studio presso un'agenzia di accreditamento riconosciuta dal CSA.[\/vc_column_text]<div class=\"toggle style4\"><div class=\"toggle-title \"><div class=\"status-icon fright\"><i class=\"fa fa-plus\"><\/i><\/div><span><i class='icon fa fa-download'><\/i> Downloads<\/span><\/div><div class=\"toggle-inner\"><ul class=\"dlm-downloads\"><li><a class=\"download-link\" title=\"\" href=\"https:\/\/aaq.ch\/it\/download\/domanda-di-accreditamento-secondo-la-lpsu-e-la-lpsan\/?tmstv=1777583272\" rel=\"nofollow\">\n\tDomanda di accreditamento secondo la LPSU e la LPSan  \n\t(docx, 153,99 KB)\n\t\n<\/a><\/li><li><a class=\"download-link\" title=\"\" href=\"https:\/\/aaq.ch\/it\/download\/guida-accreditamento-di-cicli-di-studio-secondo-la-lpsu-e-la-lpsan\/?tmstv=1777583272\" rel=\"nofollow\">\n\tGuida Accreditamento di cicli di studio secondo la LPSU e la LPSan  \n\t(pdf, 7,02 MB)\n\t\n<\/a><\/li><\/ul>\n\t\t\t\t<\/div><\/div><div class=\"toggle style4\"><div class=\"toggle-title \"><div class=\"status-icon fright\"><i class=\"fa fa-plus\"><\/i><\/div><span><i class='icon fa fa-link'><\/i> Links<\/span><\/div><div class=\"toggle-inner\">\n<ul>\n<li><a href=\"https:\/\/www.admin.ch\/opc\/it\/classified-compilation\/20070429\/index.html\" target=\"_blank\" rel=\"noopener\">Legge sulla promozione e sul coordinamento del settore universitario svizzero, LPSU<\/a><\/li>\n<li><a href=\"https:\/\/www.admin.ch\/opc\/it\/classified-compilation\/20151363\/index.html\" target=\"_blank\" rel=\"noopener\">Ordinanza per l'accreditamento LPSU<\/a><\/li>\n<li><a href=\"https:\/\/www.admin.ch\/opc\/it\/classified-compilation\/20131765\/index.html\" target=\"_blank\" rel=\"noopener\">Legge federale sulle professioni sanitarie, LPSan<\/a><\/li>\n<li><a href=\"https:\/\/www.fedlex.admin.ch\/eli\/cc\/2020\/18\/it\">Ordinanza del DFI concernente l\u2019accreditamento dei cicli di studio secondo la LPSan<\/a><\/li>\n<\/ul>\n<\/div><\/div><div class=\"toggle style4\"><div class=\"toggle-title \"><div class=\"status-icon fright\"><i class=\"fa fa-plus\"><\/i><\/div><span><i class='icon fa fa-user'><\/i> Contatto<\/span><\/div><div class=\"toggle-inner\">Nicole Hublard<br \/>\n<a href=\"&#109;&#x61;&#x69;l&#116;&#x6f;:&#115;&#x74;&#x65;p&#104;&#x61;n&#105;&#x65;&#x2e;h&#101;&#x72;i&#110;&#x67;&#x40;&#97;&#97;&#x71;&#46;&#99;&#x68;\">&#x6e;&#105;&#x63;&#x6f;&#108;&#x65;&#46;h&#x75;&#98;l&#x61;&#114;d&#x40;&#97;a&#x71;&#46;&#x63;&#x68;<\/a><\/div><\/div><div class=\"hr solid_light\" style=\"margin:10px 0px !important;\"><\/div><div class=\"clearfix\"><\/div><div class=\"hr none\" style=\"margin:10px 0px !important;\"><\/div><div class=\"clearfix\"><\/div>[\/vc_column][\/vc_row][vc_row][vc_column][vc_column_text css=\".vc_custom_1492076252385{margin-bottom: 35px !important;}\"]\n<h4><a id=\"LPSU-LPMed\"><\/a>L\u2019accreditamento della formazione di base nell\u2019ambito delle professioni mediche universitarie, in base alla LPSU e alla LPMed<\/h4>\n[\/vc_column_text][vc_column_text]Secondo l\u2019articolo 23 capoverso 1 della Legge federale sulle professioni mediche (LPMed) vige l\u2019obbligo di accreditamento per i cicli di studio delle professioni mediche universitarie che portano ad un diploma federale. Quest\u2019obbligo riguarda i cicli di studio nei settori della medicina umana, dell\u2019odontoiatria e della veterinaria come pure della farmacia e della chiropratica.<\/p>\n<p>Questi cicli di studio devono essere accreditati secondo i requisiti della Legge federale sulla promozione e sul coordinamento del settore universitario svizzero (LPSU) e della Legge federale sulle professioni mediche (LPMed). Gli standard di qualit\u00e0 applicabili sono conformi ad una combinazione di requisiti secondo\u00a0queste due basi giuridiche.<\/p>\n<p>La procedura di accreditamento dei cicli di studio nel campo delle professioni mediche universitarie \u00e8 retta dall\u2019articolo 31 della LPSU ed \u00e8 statuita nella <em>Ordinanza per l\u2019accreditamento LPSU<\/em>.<\/p>\n<p>Le scuole universitarie possono chiedere presso una delle <a href=\"https:\/\/akkreditierungsrat.ch\/it\/accreditamento\/#scuole-universitarie\" target=\"_blank\" rel=\"noopener\">agenzie riconosciute<\/a> dal Consiglio svizzero di accreditamento (CSA) l\u2019accreditamento dei loro cicli di studio nei settori della medicina umana, dell\u2019odontoiatria, della chiropratica, della farmacia e della veterinaria.[\/vc_column_text]<div class=\"toggle style4\"><div class=\"toggle-title \"><div class=\"status-icon fright\"><i class=\"fa fa-plus\"><\/i><\/div><span><i class='icon fa fa-download'><\/i> Downloads<\/span><\/div><div class=\"toggle-inner\">\nI documenti sono disponibili in tedesco, francese e inglese.<\/div><\/div><div class=\"toggle style4\"><div class=\"toggle-title \"><div class=\"status-icon fright\"><i class=\"fa fa-plus\"><\/i><\/div><span><i class='icon fa fa-link'><\/i> Links<\/span><\/div><div class=\"toggle-inner\">\n<ul>\n<li><a href=\"https:\/\/www.admin.ch\/opc\/it\/classified-compilation\/20070429\/index.html\" target=\"_blank\" rel=\"noopener\">Legge sulla promozione e sul coordinamento del settore universitario svizzero, LPSU<\/a><\/li>\n<li><a href=\"http:\/\/www.admin.ch\/opc\/it\/classified-compilation\/20040265\/index.html\" target=\"_blank\" rel=\"noopener\">Legge sulle professioni mediche, LPMed<\/a><\/li>\n<\/ul>\n<\/div><\/div><div class=\"toggle style4\"><div class=\"toggle-title \"><div class=\"status-icon fright\"><i class=\"fa fa-plus\"><\/i><\/div><span><i class='icon fa fa-user'><\/i> Contatto<\/span><\/div><div class=\"toggle-inner\">Nina Wyss<br \/>\n<a href=\"mail&#116;&#111;&#58;&#110;&#105;&#110;&#97;&#x2e;&#x77;&#x79;&#x73;&#x73;&#x40;&#x61;&#x61;&#x71;&#46;ch\">&#110;&#105;&#x6e;&#x61;&#46;&#119;&#x79;&#x73;&#115;&#64;&#x61;&#x61;&#113;&#46;&#x63;&#x68;<\/a><\/div><\/div><div class=\"hr solid_light\" style=\"margin:10px 0px !important;\"><\/div><div class=\"clearfix\"><\/div><div class=\"hr none\" style=\"margin:10px 0px !important;\"><\/div><div class=\"clearfix\"><\/div>[\/vc_column][\/vc_row][vc_row][vc_column][vc_column_text css=\".vc_custom_1492076275482{margin-bottom: 35px !important;}\"]\n<h4><a id=\"LPMed\"><\/a>L\u2019accreditamento della formazione di perfezionamento nell\u2019ambito delle professioni mediche universitarie, in base alla LPMed<\/h4>\n[\/vc_column_text][vc_column_text css=\".vc_custom_1696581048009{margin-bottom: 35px !important;}\"]Secondo l'articolo 23 capoverso 2 della LPMed il perfezionamento professionale medico \u00e8 assoggettato a un obbligo di accreditamento: i cicli di perfezionamento che si concludono con il conferimento di un titolo federale di perfezionamento devono essere accreditati ogni sette anni.<\/p>\n<p>L\u2019AAQ concepisce e pianifica su mandato dell\u2019UFSP i cicli di accreditamento della formazione e del perfezionamento professionale medico e attua le relative procedure.<\/p>\n<p>L\u2019istanza decisionale \u00e8 il Dipartimento federale dell\u2019interno (DFI).<\/p>\n<p><iframe loading=\"lazy\" src=\"https:\/\/player.vimeo.com\/video\/864396127?h=c98ca2f543\" width=\"640\" height=\"360\" frameborder=\"0\" allowfullscreen=\"allowfullscreen\"><\/iframe>[\/vc_column_text]<div class=\"toggle style4\"><div class=\"toggle-title \"><div class=\"status-icon fright\"><i class=\"fa fa-plus\"><\/i><\/div><span><i class='icon fa fa-download'><\/i> Downloads<\/span><\/div><div class=\"toggle-inner\"><\/div><\/div><div class=\"toggle style4\"><div class=\"toggle-title \"><div class=\"status-icon fright\"><i class=\"fa fa-plus\"><\/i><\/div><span><i class='icon fa fa-link'><\/i> Links<\/span><\/div><div class=\"toggle-inner\">\n<ul>\n<li><a href=\"http:\/\/www.admin.ch\/opc\/it\/classified-compilation\/20040265\/index.html\" target=\"_blank\" rel=\"noopener\">Legge sulle professioni mediche, LPMed<\/a><\/li>\n<\/ul>\n<\/div><\/div><div class=\"toggle style4\"><div class=\"toggle-title \"><div class=\"status-icon fright\"><i class=\"fa fa-plus\"><\/i><\/div><span><i class='icon fa fa-user'><\/i> Contatto<\/span><\/div><div class=\"toggle-inner\">Stephanie Hering<br \/>\n<a href=\"&#x6d;&#x61;&#x69;&#x6c;&#x74;&#x6f;&#x3a;&#x73;&#116;&#101;&#112;&#104;&#97;&#110;&#105;e&#46;he&#x72;&#x69;&#x6e;&#x67;&#x40;&#x61;&#x61;&#x71;&#x2e;&#99;&#104;\">&#x73;&#x74;&#101;&#112;ha&#x6e;&#x69;&#x65;&#46;he&#x72;&#x69;&#x6e;&#103;&#64;a&#x61;&#x71;&#x2e;&#99;&#104;<\/a><\/div><\/div><div class=\"hr solid_light\" style=\"margin:10px 0px !important;\"><\/div><div class=\"clearfix\"><\/div><div class=\"hr none\" style=\"margin:10px 0px !important;\"><\/div><div class=\"clearfix\"><\/div>[\/vc_column][\/vc_row][vc_row][vc_column][vc_column_text css=\".vc_custom_1493195855991{margin-bottom: 35px !important;}\"]\n<h4><a id=\"LPPsi\"><\/a>L\u2019accreditamento di cicli di perfezionamento delle professioni psicologiche, in base alla LPPsi<\/h4>\n[\/vc_column_text][vc_column_text css=\".vc_custom_1493287113347{margin-bottom: 35px !important;}\"]Analogamente a quanto avviene per le professioni mediche, con la Legge federale sulle professioni psicologiche (Legge sulle professioni psicologiche, LPPsi, 2011) viene introdotto l\u2019accreditamento dei cicli di perfezionamento come condizione preliminare per il rilascio di titoli federali di perfezionamento. Questo riguarda complessivamente circa 60 cicli di perfezionamento nei settori professionali di psicoterapia, psicologia dell\u2019et\u00e0 evolutiva, neuropsicologia, psicologia clinica e psicologia sanitaria, che vengono accreditati provvisoriamente dall\u2019UFSP fino al 31.3.2018.<\/p>\n<p>L\u2019istanza decisionale \u00e8 il Dipartimento federale dell\u2019interno (DFI).[\/vc_column_text]<div class=\"toggle style4\"><div class=\"toggle-title \"><div class=\"status-icon fright\"><i class=\"fa fa-plus\"><\/i><\/div><span><i class='icon fa fa-link'><\/i> Links<\/span><\/div><div class=\"toggle-inner\">\n<ul>\n<li><a href=\"http:\/\/www.admin.ch\/opc\/it\/classified-compilation\/20091366\/index.html\" target=\"_blank\" rel=\"noopener\">Legge federale sulle professioni psicologiche (LPPsi)<\/a><\/li>\n<li><a href=\"https:\/\/www.bag.admin.ch\/it\/professioni-psicologiche-procedura-di-accreditamento\" target=\"_blank\" rel=\"noopener\">UFSP: Accreditamento di cicli di perfezionamento nel settore delle professioni psicologiche (incl. Guida)<\/a><\/li>\n<\/ul>\n<\/div><\/div><div class=\"toggle style4\"><div class=\"toggle-title \"><div class=\"status-icon fright\"><i class=\"fa fa-plus\"><\/i><\/div><span><i class='icon fa fa-user'><\/i> Contatto<\/span><\/div><div class=\"toggle-inner\">Christa Ramseyer<br \/>\n<a href=\"&#109;&#97;&#x69;&#x6c;&#116;&#111;&#x3a;&#x63;&#104;&#114;&#x69;&#x73;&#116;&#97;&#x2e;&#x72;&#97;&#109;&#x73;&#x65;&#121;&#101;&#x72;&#x40;&#97;&#97;&#x71;&#x2e;&#99;&#104;\">&#99;&#x68;&#114;&#x69;&#115;&#x74;&#97;&#x2e;&#114;&#x61;&#109;&#x73;e&#x79;e&#x72;&#64;&#x61;a&#x71;&#46;&#x63;h<\/a><\/div><\/div><div class=\"hr solid_light\" style=\"margin:10px 0px !important;\"><\/div><div class=\"clearfix\"><\/div><div class=\"hr none\" style=\"margin:10px 0px !important;\"><\/div><div class=\"clearfix\"><\/div>[\/vc_column][\/vc_row][vc_row][vc_column][vc_column_text]\n<h4>Accreditamento di programmi presso le scuole universitarie professionali (SUP)<\/h4>\n<p>Secondo la Legge federale sulle SUP, in vigore fino al 2014, l'accreditamento dei cicli di studio SUP era obbligatorio.[\/vc_column_text]<div class=\"toggle style4\"><div class=\"toggle-title \"><div class=\"status-icon fright\"><i class=\"fa fa-plus\"><\/i><\/div><span><i class='icon fa fa-list'><\/i> Accreditamento di programmi presso le scuole universitarie professionali (SUP) - 2005-2014<\/span><\/div><div class=\"toggle-inner\">\n<table id=\"tablepress-1\" class=\"tablepress tablepress-id-1\">\n<thead>\n<tr class=\"row-1\">\n\t<td class=\"column-1\"><\/td><td class=\"column-2\"><\/td><td class=\"column-3\"><\/td>\n<\/tr>\n<\/thead>\n<tbody class=\"row-striping row-hover\">\n<tr class=\"row-2\">\n\t<td class=\"column-1\">Berner Fachhochschule  BFH<\/td><td class=\"column-2\">Bachelor of Science in Medizininformatik<\/td><td class=\"column-3\">05.03.2015 - 04.03.2022<\/td>\n<\/tr>\n<tr class=\"row-3\">\n\t<td class=\"column-1\">Berner Fachhochschule  BFH -\u00ad\u2010 Soziale Arbeit<\/td><td class=\"column-2\">M Sc BFH in Sozialer Arbeit<\/td><td class=\"column-3\">02.08.2011 - 01.08.2018<\/td>\n<\/tr>\n<tr class=\"row-4\">\n\t<td class=\"column-1\">Berner Fachhochschule  BFH -\u00ad\u2010 Technik und Informatik<\/td><td class=\"column-2\">M Sc in Engineering<\/td><td class=\"column-3\">02.08.2011 - 01.08.2018<\/td>\n<\/tr>\n<tr class=\"row-5\">\n\t<td class=\"column-1\">Berner Fachhochschule  BFH -\u00ad\u2010 Wirtschaft<\/td><td class=\"column-2\">B Sc BFH in Wirtschaftsinformatik<\/td><td class=\"column-3\">16.02.2010 - 15.02.2017<\/td>\n<\/tr>\n<tr class=\"row-6\">\n\t<td class=\"column-1\">Berner Fachhochschule  BFH - Wirtschaft<\/td><td class=\"column-2\">M Sc BFH in Business Administration<\/td><td class=\"column-3\">19.07.2010 - 18.07.2017<\/td>\n<\/tr>\n<tr class=\"row-7\">\n\t<td class=\"column-1\">Eidgen\u00f6ssische Hochschule f\u00fcr Sport in Magglingen <\/td><td class=\"column-2\">Master of Science in Spitzensport <\/td><td class=\"column-3\">23.12.2013 - 22.12.2020<\/td>\n<\/tr>\n<tr class=\"row-8\">\n\t<td class=\"column-1\">Fachhochschule Nordwestschweiz FHNW<\/td><td class=\"column-2\">M Sc in Engineering<\/td><td class=\"column-3\">02.08.2011 - 01.08.2018<\/td>\n<\/tr>\n<tr class=\"row-9\">\n\t<td class=\"column-1\">Fachhochschule Nordwestschweiz FHNW - Hochschule f\u00fcr Musik Basel und Schola Cantorum Basiliensis<\/td><td class=\"column-2\">M A FHNW in Musikalischer Perfomance<\/td><td class=\"column-3\">31.01.2011 - 31.1.2018<\/td>\n<\/tr>\n<tr class=\"row-10\">\n\t<td class=\"column-1\">Fachhochschule Nordwestschweiz FHNW - Hochschule f\u00fcr Musik Basel und Schola Cantorum Basiliensis<\/td><td class=\"column-2\">M A FHNW in Musikp\u00e4dagogik<\/td><td class=\"column-3\">31.01.2011 - 31.1.2018<\/td>\n<\/tr>\n<tr class=\"row-11\">\n\t<td class=\"column-1\">Fachhochschule Nordwestschweiz FHNW - Hochschule f\u00fcr Musik Basel und Schola Cantorum Basiliensis<\/td><td class=\"column-2\">M A FHNW in Komposition und Musiktheorie<\/td><td class=\"column-3\">31.01.2011 - 31.1.2018<\/td>\n<\/tr>\n<tr class=\"row-12\">\n\t<td class=\"column-1\">Fachhochschule Nordwestschweiz FHNW - Hochschule f\u00fcr Musik Basel und Schola Cantorum Basiliensis<\/td><td class=\"column-2\">M A FHNW in Spezialisierter Musikalischer Performance<\/td><td class=\"column-3\">31.01.2011 - 31.1.2018<\/td>\n<\/tr>\n<tr class=\"row-13\">\n\t<td class=\"column-1\">Fachhochschule Nordwestschweiz FHNW - Hochschule f\u00fcr Musik Basel und Schola Cantorum Basiliensis<\/td><td class=\"column-2\">B A FHNW in Musik und Bewegung<\/td><td class=\"column-3\">31.01.2011 - 30.01.2018<\/td>\n<\/tr>\n<tr class=\"row-14\">\n\t<td class=\"column-1\">Fachhochschule Nordwestschweiz FHNW - Hochschule f\u00fcr Technik<\/td><td class=\"column-2\">B Sc FHNW in Optemetrie<\/td><td class=\"column-3\">25.05.2010 - 24.05.2017<\/td>\n<\/tr>\n<tr class=\"row-15\">\n\t<td class=\"column-1\">Fachhochschule Ostschweiz FHO - FHS St. Gallen<\/td><td class=\"column-2\">M Sc FHO in Sozialer Arbeit<\/td><td class=\"column-3\">02.08.2011 - 01.08.2018<\/td>\n<\/tr>\n<tr class=\"row-16\">\n\t<td class=\"column-1\">Fachhochschule Ostschweiz FHO - FHS St. Gallen<\/td><td class=\"column-2\">M Sc FHO in Business Adminstration<\/td><td class=\"column-3\">19.07.2010 - 18.07.2017<\/td>\n<\/tr>\n<tr class=\"row-17\">\n\t<td class=\"column-1\">Fachhochschule Ostschweiz FHO - HTW Chur<\/td><td class=\"column-2\">M Sc FHO in Business Adminstration<\/td><td class=\"column-3\">25.05.2010 - 24.05.2017<\/td>\n<\/tr>\n<tr class=\"row-18\">\n\t<td class=\"column-1\">Fachhochschule Ostschweiz FHO - HTW Chur<\/td><td class=\"column-2\">M Sc in Engineering<\/td><td class=\"column-3\">02.08.2011 - 01.08.2018<\/td>\n<\/tr>\n<tr class=\"row-19\">\n\t<td class=\"column-1\">Fachhochschule Ostschweiz FHO - HTW Chur<\/td><td class=\"column-2\">M Sc FHO in Information Science<\/td><td class=\"column-3\">12.09.2012 - 11.09.2019<\/td>\n<\/tr>\n<tr class=\"row-20\">\n\t<td class=\"column-1\">Fachhochschule Ostschweiz FHO - HTW Chur<\/td><td class=\"column-2\">B Sc FHO in Media Engineering<\/td><td class=\"column-3\">22.06.2011 - 21.06.2018<\/td>\n<\/tr>\n<tr class=\"row-21\">\n\t<td class=\"column-1\">Fachhochschule Ostschweiz FHO - HTW Chur<\/td><td class=\"column-2\">B Sc FHO in Betriebs\u00f6konomie<\/td><td class=\"column-3\">25.04.2008 - 24.04.2015<\/td>\n<\/tr>\n<tr class=\"row-22\">\n\t<td class=\"column-1\">Fachhochschule Ostschweiz FHO - HTW Chur<\/td><td class=\"column-2\">B Sc FHO in Information und Dokumentation<\/td><td class=\"column-3\">25.04.2008 - 24.04.2015<\/td>\n<\/tr>\n<tr class=\"row-23\">\n\t<td class=\"column-1\">Fachhochschule Ostschweiz FHO - HTW Chur<\/td><td class=\"column-2\">B Sc FHO in Tourismus<\/td><td class=\"column-3\">25.04.2008 - 24.04.2015<\/td>\n<\/tr>\n<tr class=\"row-24\">\n\t<td class=\"column-1\">Fachhochschule Ostschweiz FHO - HSR Rapperswil<\/td><td class=\"column-2\">B Sc in Energie- und Umwelttechnik<\/td><td class=\"column-3\">19.06.2014 - 18.06.2021<\/td>\n<\/tr>\n<tr class=\"row-25\">\n\t<td class=\"column-1\">Fachhochschule Nordwestschweiz FHNW<\/td><td class=\"column-2\">M Sc in Engineering<\/td><td class=\"column-3\">02.08.2011 - 01.08.2018<\/td>\n<\/tr>\n<tr class=\"row-26\">\n\t<td class=\"column-1\">Fachhochschule Nordwestschweiz FHNW - Hochschule f\u00fcr Musik Basel und Schola Cantorum Basiliensis<\/td><td class=\"column-2\">M A FHNW in Musikalischer Perfomance<\/td><td class=\"column-3\">31.01.2011 - 31.1.2018<\/td>\n<\/tr>\n<tr class=\"row-27\">\n\t<td class=\"column-1\">Fachhochschule Nordwestschweiz FHNW - Hochschule f\u00fcr Musik Basel und Schola Cantorum Basiliensis<\/td><td class=\"column-2\">M A FHNW in Musikp\u00e4dagogik<\/td><td class=\"column-3\">31.01.2011 - 31.1.2018<\/td>\n<\/tr>\n<tr class=\"row-28\">\n\t<td class=\"column-1\">Fachhochschule Nordwestschweiz FHNW - Hochschule f\u00fcr Musik Basel und Schola Cantorum Basiliensis<\/td><td class=\"column-2\">M A FHNW in Komposition und Musiktheorie<\/td><td class=\"column-3\">31.01.2011 - 31.1.2018<\/td>\n<\/tr>\n<tr class=\"row-29\">\n\t<td class=\"column-1\">Fachhochschule Nordwestschweiz FHNW - Hochschule f\u00fcr Musik Basel und Schola Cantorum Basiliensis<\/td><td class=\"column-2\">M A FHNW in Spezialisierter Musikalischer Performance<\/td><td class=\"column-3\">31.01.2011 - 31.1.2018<\/td>\n<\/tr>\n<tr class=\"row-30\">\n\t<td class=\"column-1\">Fachhochschule Nordwestschweiz FHNW - Hochschule f\u00fcr Musik Basel und Schola Cantorum Basiliensis<\/td><td class=\"column-2\">B A FHNW in Musik und Bewegung<\/td><td class=\"column-3\">31.01.2011 - 30.01.2018<\/td>\n<\/tr>\n<tr class=\"row-31\">\n\t<td class=\"column-1\">Fachhochschule Nordwestschweiz FHNW - Hochschule f\u00fcr Technik<\/td><td class=\"column-2\">B Sc FHNW in Optemetrie<\/td><td class=\"column-3\">25.05.2010 - 24.05.2017<\/td>\n<\/tr>\n<tr class=\"row-32\">\n\t<td class=\"column-1\">Fachhochschule Nordwestschweiz FHNW<\/td><td class=\"column-2\">M Sc in Engineering<\/td><td class=\"column-3\">02.08.2011 - 01.08.2018<\/td>\n<\/tr>\n<tr class=\"row-33\">\n\t<td class=\"column-1\">Fachhochschule Nordwestschweiz FHNW - Hochschule f\u00fcr Musik Basel und Schola Cantorum Basiliensis<\/td><td class=\"column-2\">M A FHNW in Musikalischer Perfomance<\/td><td class=\"column-3\">31.01.2011 - 31.1.2018<\/td>\n<\/tr>\n<tr class=\"row-34\">\n\t<td class=\"column-1\">Fachhochschule Nordwestschweiz FHNW - Hochschule f\u00fcr Musik Basel und Schola Cantorum Basiliensis<\/td><td class=\"column-2\">M A FHNW in Musikp\u00e4dagogik<\/td><td class=\"column-3\">31.01.2011 - 31.1.2018<\/td>\n<\/tr>\n<tr class=\"row-35\">\n\t<td class=\"column-1\">Fachhochschule Nordwestschweiz FHNW - Hochschule f\u00fcr Musik Basel und Schola Cantorum Basiliensis<\/td><td class=\"column-2\">M A FHNW in Komposition und Musiktheorie<\/td><td class=\"column-3\">31.01.2011 - 31.1.2018<\/td>\n<\/tr>\n<tr class=\"row-36\">\n\t<td class=\"column-1\">Fachhochschule Nordwestschweiz FHNW - Hochschule f\u00fcr Musik Basel und Schola Cantorum Basiliensis<\/td><td class=\"column-2\">M A FHNW in Spezialisierter Musikalischer Performance<\/td><td class=\"column-3\">31.01.2011 - 31.1.2018<\/td>\n<\/tr>\n<tr class=\"row-37\">\n\t<td class=\"column-1\">Fachhochschule Nordwestschweiz FHNW - Hochschule f\u00fcr Musik Basel und Schola Cantorum Basiliensis<\/td><td class=\"column-2\">B A FHNW in Musik und Bewegung<\/td><td class=\"column-3\">31.01.2011 - 30.01.2018<\/td>\n<\/tr>\n<tr class=\"row-38\">\n\t<td class=\"column-1\">Fachhochschule Nordwestschweiz FHNW - Hochschule f\u00fcr Technik<\/td><td class=\"column-2\">B Sc FHNW in Optemetrie<\/td><td class=\"column-3\">25.05.2010 - 24.05.2017<\/td>\n<\/tr>\n<tr class=\"row-39\">\n\t<td class=\"column-1\">Fachhochschule Ostschweiz FHO - FHS St. Gallen<\/td><td class=\"column-2\">M Sc FHO in Sozialer Arbeit<\/td><td class=\"column-3\">02.08.2011 - 01.08.2018<\/td>\n<\/tr>\n<tr class=\"row-40\">\n\t<td class=\"column-1\">Fachhochschule Ostschweiz FHO - FHS St. Gallen<\/td><td class=\"column-2\">M Sc FHO in Business Adminstration<\/td><td class=\"column-3\">19.07.2010 - 18.07.2017<\/td>\n<\/tr>\n<tr class=\"row-41\">\n\t<td class=\"column-1\">Fachhochschule Ostschweiz FHO - HTW Chur<\/td><td class=\"column-2\">M Sc FHO in Business Adminstration<\/td><td class=\"column-3\">25.05.2010 - 24.05.2017<\/td>\n<\/tr>\n<tr class=\"row-42\">\n\t<td class=\"column-1\">Fachhochschule Ostschweiz FHO - HTW Chur<\/td><td class=\"column-2\">M Sc in Engineering<\/td><td class=\"column-3\">02.08.2011 - 01.08.2018<\/td>\n<\/tr>\n<tr class=\"row-43\">\n\t<td class=\"column-1\">Fachhochschule Ostschweiz FHO - HTW Chur<\/td><td class=\"column-2\">M Sc FHO in Information Science<\/td><td class=\"column-3\">12.09.2012 - 11.09.2019<\/td>\n<\/tr>\n<tr class=\"row-44\">\n\t<td class=\"column-1\">Fachhochschule Ostschweiz FHO - HTW Chur<\/td><td class=\"column-2\">B Sc FHO in Media Engineering<\/td><td class=\"column-3\">22.06.2011 - 21.06.2018<\/td>\n<\/tr>\n<tr class=\"row-45\">\n\t<td class=\"column-1\">Fachhochschule Ostschweiz FHO - HTW Chur<\/td><td class=\"column-2\">B Sc FHO in Betriebs\u00f6konomie<\/td><td class=\"column-3\">25.04.2008 - 24.04.2015<\/td>\n<\/tr>\n<tr class=\"row-46\">\n\t<td class=\"column-1\">Fachhochschule Ostschweiz FHO - HTW Chur<\/td><td class=\"column-2\">B Sc FHO in Information und Dokumentation<\/td><td class=\"column-3\">25.04.2008 - 24.04.2015<\/td>\n<\/tr>\n<tr class=\"row-47\">\n\t<td class=\"column-1\">Fachhochschule Ostschweiz FHO - HTW Chur<\/td><td class=\"column-2\">B Sc FHO in Tourismus<\/td><td class=\"column-3\">25.04.2008 - 24.04.2015<\/td>\n<\/tr>\n<tr class=\"row-48\">\n\t<td class=\"column-1\">Fachhochschule Ostschweiz FHO - HSR Rapperswil<\/td><td class=\"column-2\">B Sc in Energie- und Umwelttechnik<\/td><td class=\"column-3\">19.06.2014 - 18.06.2021<\/td>\n<\/tr>\n<tr class=\"row-49\">\n\t<td class=\"column-1\">Fachhochschule Zentralschweiz FHZ - Hochschule Luzern - Design &amp; Kunst<\/td><td class=\"column-2\">M A FHZ in Design<\/td><td class=\"column-3\">18.11.2010 - 17.11.2017<\/td>\n<\/tr>\n<tr class=\"row-50\">\n\t<td class=\"column-1\">Fachhochschule Zentralschweiz FHZ - Hochschule Luzern - Design &amp; Kunst<\/td><td class=\"column-2\">M A FHZ in Fine Arts<\/td><td class=\"column-3\">18.11.2010 - 17.11.2017<\/td>\n<\/tr>\n<tr class=\"row-51\">\n\t<td class=\"column-1\">Fachhochschule Zentralschweiz FHZ - Hochschule Luzern - Soziale Arbeit<\/td><td class=\"column-2\">M Sc FHZ in Sozialer Arbeit<\/td><td class=\"column-3\">18.11.2010 - 17.11.2017<\/td>\n<\/tr>\n<tr class=\"row-52\">\n\t<td class=\"column-1\">Fachhochschule Zentralschweiz FHZ - Hochschule Luzern - Technik &amp; Architektur<\/td><td class=\"column-2\">B A FHZ in Innenarchitektur<\/td><td class=\"column-3\">28.06.2012 - 27.06.2019<\/td>\n<\/tr>\n<tr class=\"row-53\">\n\t<td class=\"column-1\">Fachhochschule Zentralschweiz FHZ - Hochschule Luzern - Wirtschaft<\/td><td class=\"column-2\">B Sc FHZ in Wirtschaftsingenieurwesen<\/td><td class=\"column-3\">25.05.2010 - 24.05.2017<\/td>\n<\/tr>\n<tr class=\"row-54\">\n\t<td class=\"column-1\">Fachhochschule Zentralschweiz FHZ - Hochschule Luzern - Wirtschaft<\/td><td class=\"column-2\">M Sc FHZ in Banking &amp; Finance<\/td><td class=\"column-3\">20.12.2010 - 19.12.2017<\/td>\n<\/tr>\n<tr class=\"row-55\">\n\t<td class=\"column-1\">Fachhochschule Zentralschweiz FHZ - Hochschule Luzern - Wirtschaft<\/td><td class=\"column-2\">M Sc FHZ in Business Adminstration<\/td><td class=\"column-3\">18.11.2010 - 17.11.2017<\/td>\n<\/tr>\n<tr class=\"row-56\">\n\t<td class=\"column-1\">Fachhochschule Zentralschweiz FHZ - Hochschule Luzern - Wirtschaft<\/td><td class=\"column-2\">M Sc in Engineering<\/td><td class=\"column-3\">02.08.2011 - 01.08.2018<\/td>\n<\/tr>\n<tr class=\"row-57\">\n\t<td class=\"column-1\">Fachhochschule Zentralschweiz FHZ - Hochschule Luzern - Musik<\/td><td class=\"column-2\">M A FHZ in Musik<\/td><td class=\"column-3\">19.07.2010 - 18.07.2017<\/td>\n<\/tr>\n<tr class=\"row-58\">\n\t<td class=\"column-1\">Fachhochschule Zentralschweiz FHZ - Hochschule Luzern - Musik<\/td><td class=\"column-2\">M A FHZ in Musikp\u00e4dagogik<\/td><td class=\"column-3\">19.07.2010 - 18.07.2017<\/td>\n<\/tr>\n<tr class=\"row-59\">\n\t<td class=\"column-1\">Haute \u00e9cole sp\u00e9cialis\u00e9e de Suisse occidentale (HES-SO) - Economie et Services<\/td><td class=\"column-2\">M Sc HES-SO in Business Adminstration<\/td><td class=\"column-3\">08.09.2011 - 07.09.2018<\/td>\n<\/tr>\n<tr class=\"row-60\">\n\t<td class=\"column-1\">Haute \u00e9cole sp\u00e9cialis\u00e9e de Suisse occidentale (HES-SO) - Economie et Services<\/td><td class=\"column-2\">B Sc HES-SO en Tourisme<\/td><td class=\"column-3\">23.03.2010 - 22.03.2017<\/td>\n<\/tr>\n<tr class=\"row-61\">\n\t<td class=\"column-1\">Haute \u00e9cole sp\u00e9cialis\u00e9e de Suisse occidentale (HES-SO) - Ing\u00e9nierie et Architecture<\/td><td class=\"column-2\">B Sc HES-SO en Industrial Design Engineering<\/td><td class=\"column-3\">20.07.2009 - 19.07.2016<\/td>\n<\/tr>\n<tr class=\"row-62\">\n\t<td class=\"column-1\">Haute \u00e9cole sp\u00e9cialis\u00e9e de Suisse occidentale (HES-SO) - Ing\u00e9nierie et Architecture<\/td><td class=\"column-2\">B Sc HES-SO en Ing\u00e9nierie des technologies de l'information<\/td><td class=\"column-3\">03.08.2015 - 02.08.2022<\/td>\n<\/tr>\n<tr class=\"row-63\">\n\t<td class=\"column-1\">Haute \u00e9cole sp\u00e9cialis\u00e9e de Suisse occidentale (HES-SO) - Ing\u00e9nierie et Architecture<\/td><td class=\"column-2\">B Sc HES-SO en Microtechniques<\/td><td class=\"column-3\">27.01.2014 - 26.01.2021<\/td>\n<\/tr>\n<tr class=\"row-64\">\n\t<td class=\"column-1\">Haute \u00e9cole sp\u00e9cialis\u00e9e de Suisse occidentale (HES-SO) - Ing\u00e9nierie et Architecture<\/td><td class=\"column-2\">MSc en Ing\u00e9nierie du territoire<\/td><td class=\"column-3\">19.06.2014 - 18.06.2021<\/td>\n<\/tr>\n<tr class=\"row-65\">\n\t<td class=\"column-1\">Haute \u00e9cole sp\u00e9cialis\u00e9e de Suisse occidentale (HES-SO) - Musique et Arts de la sc\u00e8ne<\/td><td class=\"column-2\">M A HES-SO en Composition et th\u00e9orie musicale<\/td><td class=\"column-3\">20.12.2010 - 19.12.2017<\/td>\n<\/tr>\n<tr class=\"row-66\">\n\t<td class=\"column-1\">Haute \u00e9cole sp\u00e9cialis\u00e9e de Suisse occidentale (HES-SO) - Musique et Arts de la sc\u00e8ne<\/td><td class=\"column-2\">M A HES-SO en Interpr\u00e9tation musicale<\/td><td class=\"column-3\">20.12.2010 - 19.12.2017<\/td>\n<\/tr>\n<tr class=\"row-67\">\n\t<td class=\"column-1\">Haute \u00e9cole sp\u00e9cialis\u00e9e de Suisse occidentale (HES-SO) - Musique et Arts de la sc\u00e8ne<\/td><td class=\"column-2\">M A HES-SO en Interpr\u00e9tation musicale sp\u00e9cialis\u00e9e<\/td><td class=\"column-3\">20.12.2010 - 19.12.2017<\/td>\n<\/tr>\n<tr class=\"row-68\">\n\t<td class=\"column-1\">Haute \u00e9cole sp\u00e9cialis\u00e9e de Suisse occidentale (HES-SO) - Musique et Arts de la sc\u00e8ne<\/td><td class=\"column-2\">M A HES-SO en P\u00e9dagogie musicale<\/td><td class=\"column-3\">20.12.2010 - 19.12.2017<\/td>\n<\/tr>\n<tr class=\"row-69\">\n\t<td class=\"column-1\">Haute \u00e9cole sp\u00e9cialis\u00e9e de Suisse occidentale (HES-SO) - Sant\u00e9<\/td><td class=\"column-2\">Bachelor of Science en Technique en radiologie m\u00e9dicale<\/td><td class=\"column-3\">22.06.2012 - 21.06.2019<\/td>\n<\/tr>\n<tr class=\"row-70\">\n\t<td class=\"column-1\">Haute \u00e9cole sp\u00e9cialis\u00e9e de Suisse occidentale (HES-SO) - Sant\u00e9<\/td><td class=\"column-2\">M Sc conjoint UNIL-HES-SO en Sciences infirmi\u00e8res<\/td><td class=\"column-3\">19.12.2012 - 18.12.2019<\/td>\n<\/tr>\n<tr class=\"row-71\">\n\t<td class=\"column-1\">Haute \u00e9cole sp\u00e9cialis\u00e9e de Suisse occidentale (HES-SO) - Travail social<\/td><td class=\"column-2\">M A HES-SO en Travail social<\/td><td class=\"column-3\">30.03.2012 - 29.03.2019<\/td>\n<\/tr>\n<tr class=\"row-72\">\n\t<td class=\"column-1\">Haute \u00e9cole sp\u00e9cialis\u00e9e de Suisse occidentale (HES-SO)<\/td><td class=\"column-2\">MSc HES-SO en Information documentaire<\/td><td class=\"column-3\">10.12.2014 - 09.12.2021<\/td>\n<\/tr>\n<tr class=\"row-73\">\n\t<td class=\"column-1\">Kalaidos Fachhochschule<\/td><td class=\"column-2\">BA in Musik<\/td><td class=\"column-3\">28.06.2012 - 28.06.2019<\/td>\n<\/tr>\n<tr class=\"row-74\">\n\t<td class=\"column-1\">Kalaidos Fachhochschule - Departement Gesundheit<\/td><td class=\"column-2\">MSc in Pflege<\/td><td class=\"column-3\">14.03.2014 - 13.03.2021<\/td>\n<\/tr>\n<tr class=\"row-75\">\n\t<td class=\"column-1\">Kalaidos Fachhochschule - Departement Gesundheit<\/td><td class=\"column-2\">B Sc in Pflege<\/td><td class=\"column-3\">30.11.2009 - 29.11.2016<\/td>\n<\/tr>\n<tr class=\"row-76\">\n\t<td class=\"column-1\">Les Roches-Gruy\u00e8re LRG<\/td><td class=\"column-2\">BSc in Hospitality Management<\/td><td class=\"column-3\">15.05.2013 - 14.04.2020<\/td>\n<\/tr>\n<tr class=\"row-77\">\n\t<td class=\"column-1\">Scula universitaria professionale della Svizzera italiana SUPSI<\/td><td class=\"column-2\">M Sc in Engineering<\/td><td class=\"column-3\">02.08.2011 - 01.08.2018<\/td>\n<\/tr>\n<tr class=\"row-78\">\n\t<td class=\"column-1\">Scula universitaria professionale della Svizzera italiana SUPSI<\/td><td class=\"column-2\">M Sc SUPSI in Business Administration<\/td><td class=\"column-3\">20.04.2012 - 19.04.2019<\/td>\n<\/tr>\n<tr class=\"row-79\">\n\t<td class=\"column-1\">Scula universitaria professionale della Svizzera italiana SUPSI - Conservatorio della Svizzera italiana<\/td><td class=\"column-2\">M A SUPSI in Music Performance<\/td><td class=\"column-3\">20.12.2010 - 19.12.2017<\/td>\n<\/tr>\n<tr class=\"row-80\">\n\t<td class=\"column-1\">Scula universitaria professionale della Svizzera italiana SUPSI - Conservatorio della Svizzera italiana<\/td><td class=\"column-2\">M A SUPSI in Specialized Music Performance<\/td><td class=\"column-3\">20.12.2010 - 19.12.2017<\/td>\n<\/tr>\n<tr class=\"row-81\">\n\t<td class=\"column-1\">Scula universitaria professionale della Svizzera italiana SUPSI - Conservatorio della Svizzera italiana<\/td><td class=\"column-2\">M A SUPSI in Music Pedagogy<\/td><td class=\"column-3\">20.12.2010 - 19.12.2017<\/td>\n<\/tr>\n<tr class=\"row-82\">\n\t<td class=\"column-1\">Scula universitaria professionale della Svizzera italiana SUPSI - Conservatorio della Svizzera italiana<\/td><td class=\"column-2\">M A SUPSI in Composition and Music Theory<\/td><td class=\"column-3\">20.12.2010 - 19.12.2017<\/td>\n<\/tr>\n<tr class=\"row-83\">\n\t<td class=\"column-1\">Scula universitaria professionale della Svizzera italiana SUPSI - Dipartimento Sanit\u00e0<\/td><td class=\"column-2\">B Sc SUPSI in cure Infermieristiche<\/td><td class=\"column-3\">31.03.2010 - 30.03.2017<\/td>\n<\/tr>\n<tr class=\"row-84\">\n\t<td class=\"column-1\">Scula universitaria professionale della Svizzera italiana SUPSI - Dipartimento Sanit\u00e0<\/td><td class=\"column-2\">B Sc SUPSI in Fisioteraia<\/td><td class=\"column-3\">31.03.2010 - 30.03.2017<\/td>\n<\/tr>\n<tr class=\"row-85\">\n\t<td class=\"column-1\">Scula universitaria professionale della Svizzera italiana SUPSI - Dipartimento Sanit\u00e0<\/td><td class=\"column-2\">B Sc SUPSI in Ergoterapie<\/td><td class=\"column-3\">31.03.2010 - 30.03.2017<\/td>\n<\/tr>\n<tr class=\"row-86\">\n\t<td class=\"column-1\">Scula universitaria professionale della Svizzera italiana SUPSI - Dipartimento tecnologie innovative<\/td><td class=\"column-2\">B Sc SUPSI in Ingegneria gestionale<\/td><td class=\"column-3\">05.12.2012 - 04.12.2019<\/td>\n<\/tr>\n<tr class=\"row-87\">\n\t<td class=\"column-1\">Scula universitaria professionale della Svizzera italiana SUPSI - Dipartimento tecnologie innovative<\/td><td class=\"column-2\">B Sc SUPSI in Ingegneria meccanica<\/td><td class=\"column-3\">01.05.2009 - 30.04.2016<\/td>\n<\/tr>\n<tr class=\"row-88\">\n\t<td class=\"column-1\">Z\u00fcrcher Fachhochschule ZFH - HWZ Hochschule f\u00fcr Wirtschaft<\/td><td class=\"column-2\">Master of Science in Business Adminstration mit Vertiefung in Strategic Management<\/td><td class=\"column-3\">02.08.2011 - 01.08.2018<\/td>\n<\/tr>\n<tr class=\"row-89\">\n\t<td class=\"column-1\">Z\u00fcrcher Fachhochschule ZFH - Z\u00fcrcher Hochschule f\u00fcr Angewandte Wissenschaften ZHAW<\/td><td class=\"column-2\">M Sc ZFH in Facility Management<\/td><td class=\"column-3\">19.06.2014 - 18.06.2021<\/td>\n<\/tr>\n<tr class=\"row-90\">\n\t<td class=\"column-1\">Z\u00fcrcher Fachhochschule ZFH - Z\u00fcrcher Hochschule f\u00fcr Angewandte Wissenschaften ZHAW<\/td><td class=\"column-2\">BSc Energie- und Umwelttechnik<\/td><td class=\"column-3\">01.12.2014 - 30.11.2021<\/td>\n<\/tr>\n<tr class=\"row-91\">\n\t<td class=\"column-1\">Z\u00fcrcher Fachhochschule ZFH - Z\u00fcrcher Hochschule f\u00fcr Angewandte Wissenschaften ZHAW<\/td><td class=\"column-2\">B Sc ZFH in Systemtechnik<\/td><td class=\"column-3\">20.07.2009 - 19.07.2016<\/td>\n<\/tr>\n<tr class=\"row-92\">\n\t<td class=\"column-1\">Z\u00fcrcher Fachhochschule ZFH - Z\u00fcrcher Hochschule f\u00fcr Angewandte Wissenschaften ZHAW<\/td><td class=\"column-2\">B Sc ZFH in Verkehrssysteme<\/td><td class=\"column-3\">05.12.2012 - 04.12.2019<\/td>\n<\/tr>\n<tr class=\"row-93\">\n\t<td class=\"column-1\">Z\u00fcrcher Fachhochschule ZFH - Z\u00fcrcher Hochschule f\u00fcr Angewandte Wissenschaften ZHAW<\/td><td class=\"column-2\">B Sc ZFH in Wirtschaftsingenieurwesen<\/td><td class=\"column-3\">20.07.2009 - 19.07.2016<\/td>\n<\/tr>\n<tr class=\"row-94\">\n\t<td class=\"column-1\">Z\u00fcrcher Fachhochschule ZFH - Z\u00fcrcher Hochschule f\u00fcr Angewandte Wissenschaften ZHAW<\/td><td class=\"column-2\">B Sc ZFH in Aviatik<\/td><td class=\"column-3\">20.07.2009 - 19.07.2016<\/td>\n<\/tr>\n<tr class=\"row-95\">\n\t<td class=\"column-1\">Z\u00fcrcher Fachhochschule ZFH - Z\u00fcrcher Hochschule f\u00fcr Angewandte Wissenschaften ZHAW<\/td><td class=\"column-2\">B Sc ZFH in Informatik<\/td><td class=\"column-3\">18.03.2011 - 17.03.2018<\/td>\n<\/tr>\n<tr class=\"row-96\">\n\t<td class=\"column-1\">Z\u00fcrcher Fachhochschule ZFH - Z\u00fcrcher Hochschule f\u00fcr Angewandte Wissenschaften ZHAW<\/td><td class=\"column-2\">B Sc ZFH in Kommunikation<\/td><td class=\"column-3\">23.03.2010 - 22.03.2017<\/td>\n<\/tr>\n<tr class=\"row-97\">\n\t<td class=\"column-1\">Z\u00fcrcher Fachhochschule ZFH - Z\u00fcrcher Hochschule f\u00fcr Angewandte Wissenschaften ZHAW<\/td><td class=\"column-2\">M Sc in Engineering<\/td><td class=\"column-3\">02.08.2011 - 01.08.2018<\/td>\n<\/tr>\n<tr class=\"row-98\">\n\t<td class=\"column-1\">Z\u00fcrcher Fachhochschule ZFH - Z\u00fcrcher Hochschule f\u00fcr Angewandte Wissenschaften ZHAW<\/td><td class=\"column-2\">M Sc ZFH in Sozialer Arbeit<\/td><td class=\"column-3\">02.08.2011 - 01.08.2018<\/td>\n<\/tr>\n<\/tbody>\n<\/table>\n<!-- #tablepress-1 from cache --><\/div><\/div>[\/vc_column][\/vc_row]\n<\/div>","protected":false},"excerpt":{"rendered":"<p>[vc_row][vc_column][vc_column_text css=&#8221;.vc_custom_1443546093976{margin-bottom: 35px !important;}&#8221;]<br \/>\nAccreditamento di programma<br \/>\n[\/vc_column_text][vc_column_text css=&#8221;.vc_custom_1588878551036{margin-bottom: 35px !important;}&#8221;]L\u2019AAQ conduce in Svizzera diverse forme di accreditamento a livello di programmi di studio:<\/p>\n<p>L\u2019accreditamento di programmi in base alla LPSU<br \/>\nL\u2019accreditamento di cicli<\/p>\n","protected":false},"author":10,"featured_media":0,"parent":6182,"menu_order":2,"comment_status":"closed","ping_status":"closed","template":"page-side-navigation.php","meta":{"footnotes":""},"_links":{"self":[{"href":"https:\/\/aaq.ch\/it\/wp-json\/wp\/v2\/pages\/8644"}],"collection":[{"href":"https:\/\/aaq.ch\/it\/wp-json\/wp\/v2\/pages"}],"about":[{"href":"https:\/\/aaq.ch\/it\/wp-json\/wp\/v2\/types\/page"}],"author":[{"embeddable":true,"href":"https:\/\/aaq.ch\/it\/wp-json\/wp\/v2\/users\/10"}],"replies":[{"embeddable":true,"href":"https:\/\/aaq.ch\/it\/wp-json\/wp\/v2\/comments?post=8644"}],"version-history":[{"count":35,"href":"https:\/\/aaq.ch\/it\/wp-json\/wp\/v2\/pages\/8644\/revisions"}],"predecessor-version":[{"id":17501,"href":"https:\/\/aaq.ch\/it\/wp-json\/wp\/v2\/pages\/8644\/revisions\/17501"}],"up":[{"embeddable":true,"href":"https:\/\/aaq.ch\/it\/wp-json\/wp\/v2\/pages\/6182"}],"wp:attachment":[{"href":"https:\/\/aaq.ch\/it\/wp-json\/wp\/v2\/media?parent=8644"}],"curies":[{"name":"wp","href":"https:\/\/api.w.org\/{rel}","templated":true}]}}