{"id":8642,"date":"2017-04-28T09:14:21","date_gmt":"2017-04-28T08:14:21","guid":{"rendered":"http:\/\/aaq.ch\/fr\/?page_id=8642"},"modified":"2026-01-26T16:54:19","modified_gmt":"2026-01-26T15:54:19","slug":"accreditation-de-programmes","status":"publish","type":"page","link":"https:\/\/aaq.ch\/fr\/accreditation\/accreditation-de-programmes\/","title":{"rendered":"Accr\u00e9ditation de programmes"},"content":{"rendered":"<div class=\"wpb-content-wrapper\">[vc_row][vc_column][vc_column_text css=\".vc_custom_1443543254755{margin-bottom: 35px !important;}\"]\n<h4>Accr\u00e9ditation de programmes<\/h4>\n[\/vc_column_text][vc_column_text css=\".vc_custom_1588878129141{margin-bottom: 35px !important;}\"]L\u2019AAQ m\u00e8ne en Suisse diff\u00e9rentes formes d\u2019accr\u00e9ditation au niveau des programmes:<\/p>\n<ul>\n<li><a href=\"https:\/\/aaq.ch\/fr\/accreditation\/accreditation-de-programmes\/#LEHE\">l\u2019accr\u00e9ditation de programmes d\u2019\u00e9tudes selon la LEHE<\/a><\/li>\n<li><a href=\"https:\/\/aaq.ch\/fr\/accreditation\/accreditation-de-programmes\/#LPSan\">l'accr\u00e9ditation de fili\u00e8res d\u2019\u00e9tudes selon la LEHE et la LPSan<\/a><\/li>\n<li><a href=\"https:\/\/aaq.ch\/fr\/accreditation\/accreditation-de-programmes\/#LEHE-LPM\u00e9d\">l\u2019accr\u00e9ditation de la formation universitaire aux professions m\u00e9dicales universitaires selon la LEHE et la LPM\u00e9d<\/a><\/li>\n<li><a href=\"https:\/\/aaq.ch\/fr\/accreditation\/accreditation-de-programmes\/#LPM\u00e9d\">l\u2019accr\u00e9ditation de la formation postgrade aux professions m\u00e9dicales universitaires selon la LPM\u00e9d<\/a><\/li>\n<li><a href=\"https:\/\/aaq.ch\/fr\/accreditation\/accreditation-de-programmes\/#LPsy\">l\u2019accr\u00e9ditation des fili\u00e8res de formation postgrade en psychologie selon la LPsy<\/a><\/li>\n<\/ul>\n[\/vc_column_text]<div class=\"hr solid_light\" style=\"margin:10px 0px !important;\"><\/div><div class=\"clearfix\"><\/div>[\/vc_column][\/vc_row][vc_row][vc_column][vc_column_text css=\".vc_custom_1492073721307{margin-bottom: 35px !important;}\"]\n<h4><a id=\"LEHE\"><\/a>L\u2019accr\u00e9ditation de programmes d\u2019\u00e9tudes selon la LEHE<\/h4>\n[\/vc_column_text][vc_column_text css=\".vc_custom_1493195355268{margin-bottom: 35px !important;}\"]L\u2019AAQ r\u00e9alise les accr\u00e9ditations de programmes dans les hautes \u00e9coles suisses. Les accr\u00e9ditations de programmes v\u00e9rifient les fili\u00e8res de bachelor et de master ainsi que les fili\u00e8res de formation postgrade comme le MAS ou l\u2019EMBA et sont facultatives en Suisse. La condition pour b\u00e9n\u00e9ficier de l\u2019accr\u00e9ditation de programmes selon la loi sur l\u2019encouragement et la coordination des hautes \u00e9coles LEHE est que la haute \u00e9cole concern\u00e9e soit accr\u00e9dit\u00e9e institutionnellement. L\u2019instance de d\u00e9cision pour l\u2019accr\u00e9ditation selon la LEHE est le Conseil suisse d\u2019accr\u00e9ditation.<\/p>\n<div class=\"vc_row wpb_row vc_inner vc_row-fluid\">\n<div class=\"wpb_column vc_column_container vc_col-sm-12\">\n<div class=\"vc_column-inner \">\n<div class=\"wpb_wrapper\">\n<div class=\"wpb_text_column wpb_content_element vc_custom_1443543166800\">\n<div class=\"wpb_wrapper\">\n<p>L\u2019AAQ peut d\u00e9cerner le label\u00a0EUR-ACE\u00a0aux fili\u00e8res d\u2019\u00e9tudes d\u2019ing\u00e9nieur accr\u00e9dit\u00e9es.<\/p><\/div>\n<\/div>\n<\/div>\n<\/div>\n<\/div>\n<\/div>\n[\/vc_column_text]<div class=\"toggle style4\"><div class=\"toggle-title \"><div class=\"status-icon fright\"><i class=\"fa fa-plus\"><\/i><\/div><span><i class='icon fa fa-download'><\/i> Downloads<\/span><\/div><div class=\"toggle-inner\"><ul class=\"dlm-downloads\"><li><a class=\"download-link\" title=\"\" href=\"https:\/\/aaq.ch\/fr\/download\/demande-daccreditation-de-programme-selon-la-lehe\/?tmstv=1777312451\" rel=\"nofollow\">\n\tDemande d'accr\u00e9ditation de programme selon la LEHE  \n\t(docx, 40,34 Ko)\n\t\n<\/a><\/li><\/ul>\n\t\t\t\t<\/div><\/div><div class=\"toggle style4\"><div class=\"toggle-title \"><div class=\"status-icon fright\"><i class=\"fa fa-plus\"><\/i><\/div><span><i class='icon fa fa-link'><\/i> Links<\/span><\/div><div class=\"toggle-inner\">\n<ul>\n<li><a href=\"https:\/\/www.admin.ch\/opc\/fr\/classified-compilation\/20070429\/index.html\" target=\"_blank\" rel=\"noopener\">Loi sur l'encouragement et la coordination des hautes \u00e9coles, LEHE<\/a><\/li>\n<li><a href=\"https:\/\/www.admin.ch\/opc\/de\/classified-compilation\/20151363\/index.html\" target=\"_blank\" rel=\"noopener\">Akkreditierungsverordnung HFKG<\/a><\/li>\n<\/ul>\n<\/div><\/div><div class=\"toggle style4\"><div class=\"toggle-title \"><div class=\"status-icon fright\"><i class=\"fa fa-plus\"><\/i><\/div><span><i class='icon fa fa-user'><\/i> Contact<\/span><\/div><div class=\"toggle-inner\">Claudia Di Lecce<br \/>\n<a href=\"&#109;&#97;&#x69;l&#116;&#x6f;&#x3a;c&#108;&#x61;&#x75;d&#105;&#x61;&#46;&#100;&#x69;&#x6c;e&#99;&#x63;&#x65;&#64;&#97;&#x61;q&#46;&#x63;&#x68;\">&#99;&#x6c;&#x61;u&#100;&#x69;a&#46;&#x64;i&#108;&#x65;c&#99;&#x65;&#x40;&#97;&#x61;&#x71;&#46;&#99;&#x68;<\/a><\/div><\/div><div class=\"hr none\" style=\"margin:10px 0px !important;\"><\/div><div class=\"clearfix\"><\/div><div class=\"hr solid_light\" style=\"margin:10px 0px !important;\"><\/div><div class=\"clearfix\"><\/div>[\/vc_column][\/vc_row][vc_row][vc_column][vc_column_text css=\".vc_custom_1588878073401{margin-bottom: 35px !important;}\"]\n<h4><a id=\"LPSan\"><\/a>L'accr\u00e9ditation de fili\u00e8res d\u2019\u00e9tudes selon la LEHE et la LPSan<\/h4>\n[\/vc_column_text][vc_column_text css=\".vc_custom_1588768830749{margin-bottom: 35px !important;}\"]L\u2019article 6 al. 1 de la Loi f\u00e9d\u00e9rale sur les professions de la sant\u00e9 (LPSan) exige l\u2019accr\u00e9ditation des formations aux professions de la sant\u00e9 pour toutes les fili\u00e8res d\u2019\u00e9tudes sp\u00e9cifi\u00e9es dans la loi.<\/p>\n<p>La proc\u00e9dure, la dur\u00e9e et les \u00e9moluments de l\u2019accr\u00e9ditation sont r\u00e9gis par les prescriptions de la Loi sur l\u2019encouragement et la coordination des hautes \u00e9coles (LEHE).<\/p>\n<p>Dans le cadre de l\u2019ordonnance concernant l\u2019accr\u00e9ditation des fili\u00e8res d\u2019\u00e9tudes relevant de la LPSan, Le D\u00e9partement f\u00e9d\u00e9ral de l\u2019int\u00e9rieur (DFI) a \u00e9dict\u00e9 les normes d\u2019accr\u00e9ditation sur les comp\u00e9tences professionnelles propres \u00e0 chacune des fili\u00e8res d\u2019\u00e9tudes concern\u00e9es. Le respect de ces normes d\u2019accr\u00e9ditation fait l\u2019objet de la proc\u00e9dure d\u2019\u00e9valuation externe, de m\u00eame que le respect des standards de qualit\u00e9 g\u00e9n\u00e9riques pour les programmes d\u2019\u00e9tudes conform\u00e9ment \u00e0 la LEHE.<\/p>\n<p>La d\u00e9cision d\u2019accr\u00e9ditation est arr\u00eat\u00e9e par le Conseil suisse d\u2019accr\u00e9ditation (CSA).[\/vc_column_text]<div class=\"toggle style4\"><div class=\"toggle-title \"><div class=\"status-icon fright\"><i class=\"fa fa-plus\"><\/i><\/div><span><i class='icon fa fa-download'><\/i> Downloads<\/span><\/div><div class=\"toggle-inner\"><ul class=\"dlm-downloads\"><li><a class=\"download-link\" title=\"\" href=\"https:\/\/aaq.ch\/fr\/download\/demande-daccreditation-selon-la-lehe-et-lpsan\/?tmstv=1777312451\" rel=\"nofollow\">\n\tDemande d'accr\u00e9ditation selon la LEHE et LPSan  \n\t(docx, 154,31 Ko)\n\t\n<\/a><\/li><li><a class=\"download-link\" title=\"\" href=\"https:\/\/aaq.ch\/fr\/download\/guide-accreditation-de-filieres-detudes-selon-la-lehe-et-la-lpsan\/?tmstv=1777312451\" rel=\"nofollow\">\n\tGuide Accr\u00e9ditation de fili\u00e8res d\u2019\u00e9tudes selon la LEHE et la LPSan  \n\t(pdf, 1,06 Mo)\n\t\n<\/a><\/li><\/ul>\n\t\t\t\t<\/div><\/div><div class=\"toggle style4\"><div class=\"toggle-title \"><div class=\"status-icon fright\"><i class=\"fa fa-plus\"><\/i><\/div><span><i class='icon fa fa-link'><\/i> Links<\/span><\/div><div class=\"toggle-inner\">\n<ul style=\"list-style-type: square;\">\n<li><a href=\"https:\/\/www.admin.ch\/opc\/fr\/classified-compilation\/20070429\/index.html\" target=\"_blank\" rel=\"noopener\">Loi sur l'encouragement et la coordination des hautes \u00e9coles, LEHE<\/a><\/li>\n<li><a href=\"https:\/\/www.admin.ch\/opc\/fr\/classified-compilation\/20151363\/index.html\" target=\"_blank\" rel=\"noopener\">Ordonnance d'accr\u00e9ditation LEHE<\/a><\/li>\n<li><a href=\"https:\/\/www.admin.ch\/opc\/fr\/classified-compilation\/20131765\/index.html\" target=\"_blank\" rel=\"noopener\">Loi f\u00e9d\u00e9rale sur les professions de la sant\u00e9, LPSan<\/a><\/li>\n<li><a href=\"https:\/\/www.fedlex.admin.ch\/eli\/cc\/2020\/18\/fr\">Ordonnance du DFI concernant l\u2019accr\u00e9ditation des fili\u00e8res d\u2019\u00e9tudes relevant de la LPSan <\/a><\/li>\n<\/ul>\n<\/div><\/div><div class=\"toggle style4\"><div class=\"toggle-title \"><div class=\"status-icon fright\"><i class=\"fa fa-plus\"><\/i><\/div><span><i class='icon fa fa-user'><\/i> Contact<\/span><\/div><div class=\"toggle-inner\">Nicole Hublard<br \/>\n<a href=\"&#109;&#x61;i&#108;&#x74;o&#58;&#x6e;i&#99;&#x6f;l&#101;&#x2e;h&#117;&#x62;l&#97;&#x72;d&#64;&#x61;a&#113;&#x2e;c&#104;\">&#x6e;&#x69;&#x63;&#x6f;&#x6c;&#x65;&#x2e;&#104;&#117;&#98;&#108;&#97;rd&#64;a&#x61;&#x71;&#x2e;&#x63;&#x68;<\/a><\/div><\/div><div class=\"hr none\" style=\"margin:10px 0px !important;\"><\/div><div class=\"clearfix\"><\/div><div class=\"hr solid_light\" style=\"margin:10px 0px !important;\"><\/div><div class=\"clearfix\"><\/div>[\/vc_column][\/vc_row][vc_row][vc_column][vc_column_text css=\".vc_custom_1492073744496{margin-bottom: 35px !important;}\"]\n<h4><a id=\"LEHE-LPM\u00e9d\"><\/a>L\u2019accr\u00e9ditation de la formation universitaire aux professions m\u00e9dicales universitaires selon la LEHE et la LPM\u00e9d<\/h4>\n[\/vc_column_text][vc_column_text]Conform\u00e9ment \u00e0 l\u2019article 23, alin\u00e9a 1, de la loi sur les professions m\u00e9dicales\u00a0(LPM\u00e9d), il existe une obligation d\u2019accr\u00e9ditation pour les fili\u00e8res d\u2019\u00e9tudes des professions m\u00e9dicales universitaires menant \u00e0 l\u2019obtention d\u2019un dipl\u00f4me f\u00e9d\u00e9ral. Cela concerne les fili\u00e8res d\u2019\u00e9tudes en m\u00e9decine humaine, m\u00e9decine dentaire, m\u00e9decine v\u00e9t\u00e9rinaire, pharmacie et chiropratique.<\/p>\n<p>Ces fili\u00e8res doivent \u00eatre accr\u00e9dit\u00e9es conform\u00e9ment aux exigences de la loi sur l\u2019encouragement et la coordination des hautes \u00e9coles (LEHE) et de la LPM\u00e9d. Par cons\u00e9quent, les standards de qualit\u00e9 \u00e0 appliquer sont une combinaison des exigences de ces deux bases l\u00e9gales.<\/p>\n<p>La proc\u00e9dure d\u2019accr\u00e9ditation des fili\u00e8res d\u2019\u00e9tudes des professions m\u00e9dicales\u00a0universitaires est vis\u00e9e par l\u2019article 31 de la LEHE et est d\u00e9finie dans l'<em>ordonnance\u00a0d\u2019accr\u00e9ditation<\/em> <em>LEHE<\/em>.<\/p>\n<p>Les hautes \u00e9coles peuvent demander l\u2019accr\u00e9ditation de leurs fili\u00e8res d\u2019\u00e9tudes en m\u00e9decine humaine, en m\u00e9decine dentaire, en chiropratique, en pharmacie et en m\u00e9decine v\u00e9t\u00e9rinaire par une <a href=\"https:\/\/akkreditierungsrat.ch\/fr\/accreditations\/#ecoles\" target=\"_blank\" rel=\"noopener\">agence reconnue<\/a> par le Conseil suisse d\u2019accr\u00e9ditation (CSA).[\/vc_column_text][vc_tta_accordion style=\"flat\" shape=\"square\" spacing=\"5\" gap=\"3\" c_position=\"right\" active_section=\"1\" no_fill=\"true\"][vc_tta_section i_icon_fontawesome=\"fas fa-download\" add_icon=\"true\" title=\"Downloads\" tab_id=\"1674556012755-6f165559-a827\"][vc_column_text]<ul class=\"dlm-downloads\"><li><a class=\"download-link\" title=\"\" href=\"https:\/\/aaq.ch\/fr\/download\/guide-accreditation-des-filieres-detudes-selon-la-lehe-et-la-lpmed\/?tmstv=1777312451\" rel=\"nofollow\">\n\tGuide Accr\u00e9ditation des fili\u00e8res d'\u00e9tudes selon la LEHE et la LPM\u00e9d  \n\t(pdf, 491,09 Ko)\n\t\n<\/a><\/li><li><a class=\"download-link\" title=\"\" href=\"https:\/\/aaq.ch\/fr\/download\/demande-daccreditation-de-programmes-dans-le-domaine-des-filieres-universitaires-en-medecine-selon-la-lehe-et-la-lpmed\/?tmstv=1777312451\" rel=\"nofollow\">\n\tDemande d\u2019accr\u00e9ditation de programmes dans le domaine des fili\u00e8res universitaires en m\u00e9decine, selon la LEHE et la LPM\u00e9d  \n\t(docx, 135,21 Ko)\n\t\n<\/a><\/li><\/ul>\n\t\t\t\t[\/vc_column_text][\/vc_tta_section][vc_tta_section i_icon_fontawesome=\"fas fa-link\" add_icon=\"true\" title=\"Links\" tab_id=\"1674556012791-30cd6b09-091c\"][vc_column_text]\n<ul>\n<li><a href=\"https:\/\/www.admin.ch\/opc\/fr\/classified-compilation\/20070429\/index.html\" target=\"_blank\" rel=\"noopener\">Loi sur l'encouragement et la coordination des hautes \u00e9coles, LEHE<\/a><\/li>\n<li><a href=\"http:\/\/www.admin.ch\/opc\/fr\/classified-compilation\/20040265\/index.html\" target=\"_blank\" rel=\"noopener\">Loi sur les professions m\u00e9dicales, LPM\u00e9d<\/a><\/li>\n<\/ul>\n[\/vc_column_text][\/vc_tta_section][vc_tta_section i_icon_fontawesome=\"fas fa-user-alt\" add_icon=\"true\" title=\"Contact\" tab_id=\"1674556521898-267659db-3008\"][vc_column_text]Nina Wyss<br \/>\n<a href=\"&#x6d;&#97;&#x69;&#108;t&#x6f;&#58;n&#x69;&#110;&#x61;&#x2e;w&#x79;&#115;s&#x40;&#97;&#x61;&#x71;&#46;&#x63;&#104;\">&#110;&#105;&#x6e;a&#46;&#x77;&#x79;s&#115;&#x40;&#x61;a&#113;&#x2e;&#x63;h<\/a>[\/vc_column_text][\/vc_tta_section][\/vc_tta_accordion]<div class=\"hr none\" style=\"margin:10px 0px !important;\"><\/div><div class=\"clearfix\"><\/div><div class=\"hr solid_light\" style=\"margin:10px 0px !important;\"><\/div><div class=\"clearfix\"><\/div>[\/vc_column][\/vc_row][vc_row][vc_column][vc_column_text css=\".vc_custom_1492073765550{margin-bottom: 35px !important;}\"]\n<h4><a id=\"LPM\u00e9d\"><\/a>L\u2019accr\u00e9ditation de la formation postgrade aux professions m\u00e9dicales universitaires selon la LPM\u00e9d<\/h4>\n[\/vc_column_text][vc_column_text css=\".vc_custom_1696580362112{margin-bottom: 35px !important;}\"]Conform\u00e9ment \u00e0 l\u2019article 23, alin\u00e9a 2 LPM\u00e9d, la formation postgrade en m\u00e9decine est \u00e9galement soumise \u00e0 une obligation d\u2019accr\u00e9ditation: les fili\u00e8res de formation postgrade conduisant \u00e0 un titre postgrade f\u00e9d\u00e9ral doivent \u00eatre accr\u00e9dit\u00e9es tous les sept ans.<\/p>\n<p>L'AAQ m\u00e8ne les proc\u00e9dures d'accr\u00e9ditation sur mandat de Office f\u00e9d\u00e9ral de la sant\u00e9 publique (OFSP). L'instance de d\u00e9cision est le D\u00e9partement f\u00e9d\u00e9ral de l'int\u00e9rieur (DFI).<\/p>\n<p><iframe loading=\"lazy\" src=\"https:\/\/player.vimeo.com\/video\/864396127?h=c98ca2f543\" width=\"640\" height=\"360\" frameborder=\"0\" allowfullscreen=\"allowfullscreen\"><\/iframe>[\/vc_column_text]<div class=\"toggle style4\"><div class=\"toggle-title \"><div class=\"status-icon fright\"><i class=\"fa fa-plus\"><\/i><\/div><span><i class='icon fa fa-link'><\/i> Links<\/span><\/div><div class=\"toggle-inner\">\n<ul>\n<li><a href=\"http:\/\/www.admin.ch\/opc\/fr\/classified-compilation\/20040265\/index.html\" target=\"_blank\" rel=\"noopener\">Loi sur les professions m\u00e9dicales, LPM\u00e9d<\/a><\/li>\n<li><a href=\"https:\/\/www.bag.admin.ch\/bag\/fr\/home\/berufe-im-gesundheitswesen\/akkreditierung-gesundheitsberufe\/akkreditierung-weiterbildungsgaenge-medizinalberufe.html\" target=\"_blank\" rel=\"noopener\">OFSP: Accr\u00e9ditation des fili\u00e8res de formation postgrade dans le domaine des professions m\u00e9dicales (incl. guides)<\/a><\/li>\n<\/ul>\n<\/div><\/div><div class=\"toggle style4\"><div class=\"toggle-title \"><div class=\"status-icon fright\"><i class=\"fa fa-plus\"><\/i><\/div><span><i class='icon fa fa-user'><\/i> Contact<\/span><\/div><div class=\"toggle-inner\">Stephanie Hering<br \/>\n<a href=\"&#x6d;&#97;&#x69;&#x6c;t&#x6f;&#58;s&#x74;&#101;p&#x68;&#97;&#x6e;&#x69;e&#x2e;&#104;e&#x72;&#105;n&#x67;&#64;&#x61;&#x61;&#113;&#x2e;&#x63;h\">&#x73;&#x74;&#101;&#112;ha&#x6e;&#x69;&#x65;&#46;he&#x72;&#x69;&#x6e;&#103;&#64;a&#x61;&#x71;&#x2e;&#99;&#104;<\/a><\/div><\/div><div class=\"hr none\" style=\"margin:10px 0px !important;\"><\/div><div class=\"clearfix\"><\/div><div class=\"hr solid_light\" style=\"margin:10px 0px !important;\"><\/div><div class=\"clearfix\"><\/div>[\/vc_column][\/vc_row][vc_row][vc_column][vc_column_text css=\".vc_custom_1493195194831{margin-bottom: 35px !important;}\"]\n<h4><a id=\"LPsy\"><\/a>L\u2019accr\u00e9ditation des fili\u00e8res de formation postgrade en psychologie selon la LPsy<\/h4>\n[\/vc_column_text][vc_column_text css=\".vc_custom_1493195228006{margin-bottom: 35px !important;}\"]Comme cela a \u00e9t\u00e9 fait pour les professions m\u00e9dicales, la loi f\u00e9d\u00e9rale sur les professions de la psychologie (loi sur les professions de la psychologie, LPsy, 2011) a introduit l\u2019accr\u00e9ditation des fili\u00e8res de formation postgrade pour l\u2019attribution des titres postgrades f\u00e9d\u00e9raux.<\/p>\n<p>L\u2019instance de d\u00e9cision est le D\u00e9partement f\u00e9d\u00e9ral de l\u2019int\u00e9rieur (DFI).[\/vc_column_text]<div class=\"toggle style4\"><div class=\"toggle-title \"><div class=\"status-icon fright\"><i class=\"fa fa-plus\"><\/i><\/div><span><i class='icon fa fa-link'><\/i> Links<\/span><\/div><div class=\"toggle-inner\">\n<ul>\n<li><a href=\"http:\/\/www.admin.ch\/opc\/fr\/classified-compilation\/20091366\/index.html\" target=\"_blank\" rel=\"noopener\">Loi sur les professions de la psychologie (LPsy)<\/a><\/li>\n<li><a href=\"https:\/\/www.bag.admin.ch\/fr\/psychologie-procedure-d-accreditation\" target=\"_blank\" rel=\"noopener\">OFSP: Accr\u00e9ditation des fili\u00e8res de formation postgrade dans le domaine des professions de la psychologie (incl. guides)<\/a><\/li>\n<\/ul>\n<\/div><\/div><div class=\"toggle style4\"><div class=\"toggle-title \"><div class=\"status-icon fright\"><i class=\"fa fa-plus\"><\/i><\/div><span><i class='icon fa fa-user'><\/i> Contact<\/span><\/div><div class=\"toggle-inner\">Christa Ramseyer<br \/>\n<a href=\"&#109;&#x61;&#105;&#x6c;&#116;&#x6f;:&#x63;h&#114;&#x69;&#115;&#x74;&#97;&#x2e;r&#x61;m&#115;&#x65;&#121;&#x65;&#114;&#x40;&#97;&#x61;q&#x2e;c&#104;\">&#99;&#x68;&#x72;i&#115;&#x74;a&#46;&#x72;&#x61;&#109;&#x73;&#x65;y&#101;&#x72;&#64;&#97;&#x61;&#x71;&#46;&#x63;&#x68;<\/a><\/div><\/div><div class=\"hr none\" style=\"margin:10px 0px !important;\"><\/div><div class=\"clearfix\"><\/div><div class=\"hr solid_light\" style=\"margin:10px 0px !important;\"><\/div><div class=\"clearfix\"><\/div>[\/vc_column][\/vc_row][vc_row][vc_column][vc_column_text]\n<h4>Accr\u00e9ditation de programmes aux hautes \u00e9coles sp\u00e9cialis\u00e9es<\/h4>\n<p>La Loi sur les HES faisait de l\u2019accr\u00e9ditation des fili\u00e8res d\u2019\u00e9tudes des HES une obligation.[\/vc_column_text]<div class=\"toggle style4\"><div class=\"toggle-title \"><div class=\"status-icon fright\"><i class=\"fa fa-plus\"><\/i><\/div><span><i class='icon fa fa-list'><\/i> Accr\u00e9ditation de programmes aux hautes \u00e9coles sp\u00e9cialis\u00e9es 2005-2014<\/span><\/div><div class=\"toggle-inner\">\n<table id=\"tablepress-1\" class=\"tablepress tablepress-id-1\">\n<thead>\n<tr class=\"row-1\">\n\t<td class=\"column-1\"><\/td><td class=\"column-2\"><\/td><td class=\"column-3\"><\/td>\n<\/tr>\n<\/thead>\n<tbody class=\"row-striping row-hover\">\n<tr class=\"row-2\">\n\t<td class=\"column-1\">Berner Fachhochschule  BFH<\/td><td class=\"column-2\">Bachelor of Science in Medizininformatik<\/td><td class=\"column-3\">05.03.2015 - 04.03.2022<\/td>\n<\/tr>\n<tr class=\"row-3\">\n\t<td class=\"column-1\">Berner Fachhochschule  BFH -\u00ad\u2010 Soziale Arbeit<\/td><td class=\"column-2\">M Sc BFH in Sozialer Arbeit<\/td><td class=\"column-3\">02.08.2011 - 01.08.2018<\/td>\n<\/tr>\n<tr class=\"row-4\">\n\t<td class=\"column-1\">Berner Fachhochschule  BFH -\u00ad\u2010 Technik und Informatik<\/td><td class=\"column-2\">M Sc in Engineering<\/td><td class=\"column-3\">02.08.2011 - 01.08.2018<\/td>\n<\/tr>\n<tr class=\"row-5\">\n\t<td class=\"column-1\">Berner Fachhochschule  BFH -\u00ad\u2010 Wirtschaft<\/td><td class=\"column-2\">B Sc BFH in Wirtschaftsinformatik<\/td><td class=\"column-3\">16.02.2010 - 15.02.2017<\/td>\n<\/tr>\n<tr class=\"row-6\">\n\t<td class=\"column-1\">Berner Fachhochschule  BFH - Wirtschaft<\/td><td class=\"column-2\">M Sc BFH in Business Administration<\/td><td class=\"column-3\">19.07.2010 - 18.07.2017<\/td>\n<\/tr>\n<tr class=\"row-7\">\n\t<td class=\"column-1\">Eidgen\u00f6ssische Hochschule f\u00fcr Sport in Magglingen <\/td><td class=\"column-2\">Master of Science in Spitzensport <\/td><td class=\"column-3\">23.12.2013 - 22.12.2020<\/td>\n<\/tr>\n<tr class=\"row-8\">\n\t<td class=\"column-1\">Fachhochschule Nordwestschweiz FHNW<\/td><td class=\"column-2\">M Sc in Engineering<\/td><td class=\"column-3\">02.08.2011 - 01.08.2018<\/td>\n<\/tr>\n<tr class=\"row-9\">\n\t<td class=\"column-1\">Fachhochschule Nordwestschweiz FHNW - Hochschule f\u00fcr Musik Basel und Schola Cantorum Basiliensis<\/td><td class=\"column-2\">M A FHNW in Musikalischer Perfomance<\/td><td class=\"column-3\">31.01.2011 - 31.1.2018<\/td>\n<\/tr>\n<tr class=\"row-10\">\n\t<td class=\"column-1\">Fachhochschule Nordwestschweiz FHNW - Hochschule f\u00fcr Musik Basel und Schola Cantorum Basiliensis<\/td><td class=\"column-2\">M A FHNW in Musikp\u00e4dagogik<\/td><td class=\"column-3\">31.01.2011 - 31.1.2018<\/td>\n<\/tr>\n<tr class=\"row-11\">\n\t<td class=\"column-1\">Fachhochschule Nordwestschweiz FHNW - Hochschule f\u00fcr Musik Basel und Schola Cantorum Basiliensis<\/td><td class=\"column-2\">M A FHNW in Komposition und Musiktheorie<\/td><td class=\"column-3\">31.01.2011 - 31.1.2018<\/td>\n<\/tr>\n<tr class=\"row-12\">\n\t<td class=\"column-1\">Fachhochschule Nordwestschweiz FHNW - Hochschule f\u00fcr Musik Basel und Schola Cantorum Basiliensis<\/td><td class=\"column-2\">M A FHNW in Spezialisierter Musikalischer Performance<\/td><td class=\"column-3\">31.01.2011 - 31.1.2018<\/td>\n<\/tr>\n<tr class=\"row-13\">\n\t<td class=\"column-1\">Fachhochschule Nordwestschweiz FHNW - Hochschule f\u00fcr Musik Basel und Schola Cantorum Basiliensis<\/td><td class=\"column-2\">B A FHNW in Musik und Bewegung<\/td><td class=\"column-3\">31.01.2011 - 30.01.2018<\/td>\n<\/tr>\n<tr class=\"row-14\">\n\t<td class=\"column-1\">Fachhochschule Nordwestschweiz FHNW - Hochschule f\u00fcr Technik<\/td><td class=\"column-2\">B Sc FHNW in Optemetrie<\/td><td class=\"column-3\">25.05.2010 - 24.05.2017<\/td>\n<\/tr>\n<tr class=\"row-15\">\n\t<td class=\"column-1\">Fachhochschule Ostschweiz FHO - FHS St. Gallen<\/td><td class=\"column-2\">M Sc FHO in Sozialer Arbeit<\/td><td class=\"column-3\">02.08.2011 - 01.08.2018<\/td>\n<\/tr>\n<tr class=\"row-16\">\n\t<td class=\"column-1\">Fachhochschule Ostschweiz FHO - FHS St. Gallen<\/td><td class=\"column-2\">M Sc FHO in Business Adminstration<\/td><td class=\"column-3\">19.07.2010 - 18.07.2017<\/td>\n<\/tr>\n<tr class=\"row-17\">\n\t<td class=\"column-1\">Fachhochschule Ostschweiz FHO - HTW Chur<\/td><td class=\"column-2\">M Sc FHO in Business Adminstration<\/td><td class=\"column-3\">25.05.2010 - 24.05.2017<\/td>\n<\/tr>\n<tr class=\"row-18\">\n\t<td class=\"column-1\">Fachhochschule Ostschweiz FHO - HTW Chur<\/td><td class=\"column-2\">M Sc in Engineering<\/td><td class=\"column-3\">02.08.2011 - 01.08.2018<\/td>\n<\/tr>\n<tr class=\"row-19\">\n\t<td class=\"column-1\">Fachhochschule Ostschweiz FHO - HTW Chur<\/td><td class=\"column-2\">M Sc FHO in Information Science<\/td><td class=\"column-3\">12.09.2012 - 11.09.2019<\/td>\n<\/tr>\n<tr class=\"row-20\">\n\t<td class=\"column-1\">Fachhochschule Ostschweiz FHO - HTW Chur<\/td><td class=\"column-2\">B Sc FHO in Media Engineering<\/td><td class=\"column-3\">22.06.2011 - 21.06.2018<\/td>\n<\/tr>\n<tr class=\"row-21\">\n\t<td class=\"column-1\">Fachhochschule Ostschweiz FHO - HTW Chur<\/td><td class=\"column-2\">B Sc FHO in Betriebs\u00f6konomie<\/td><td class=\"column-3\">25.04.2008 - 24.04.2015<\/td>\n<\/tr>\n<tr class=\"row-22\">\n\t<td class=\"column-1\">Fachhochschule Ostschweiz FHO - HTW Chur<\/td><td class=\"column-2\">B Sc FHO in Information und Dokumentation<\/td><td class=\"column-3\">25.04.2008 - 24.04.2015<\/td>\n<\/tr>\n<tr class=\"row-23\">\n\t<td class=\"column-1\">Fachhochschule Ostschweiz FHO - HTW Chur<\/td><td class=\"column-2\">B Sc FHO in Tourismus<\/td><td class=\"column-3\">25.04.2008 - 24.04.2015<\/td>\n<\/tr>\n<tr class=\"row-24\">\n\t<td class=\"column-1\">Fachhochschule Ostschweiz FHO - HSR Rapperswil<\/td><td class=\"column-2\">B Sc in Energie- und Umwelttechnik<\/td><td class=\"column-3\">19.06.2014 - 18.06.2021<\/td>\n<\/tr>\n<tr class=\"row-25\">\n\t<td class=\"column-1\">Fachhochschule Nordwestschweiz FHNW<\/td><td class=\"column-2\">M Sc in Engineering<\/td><td class=\"column-3\">02.08.2011 - 01.08.2018<\/td>\n<\/tr>\n<tr class=\"row-26\">\n\t<td class=\"column-1\">Fachhochschule Nordwestschweiz FHNW - Hochschule f\u00fcr Musik Basel und Schola Cantorum Basiliensis<\/td><td class=\"column-2\">M A FHNW in Musikalischer Perfomance<\/td><td class=\"column-3\">31.01.2011 - 31.1.2018<\/td>\n<\/tr>\n<tr class=\"row-27\">\n\t<td class=\"column-1\">Fachhochschule Nordwestschweiz FHNW - Hochschule f\u00fcr Musik Basel und Schola Cantorum Basiliensis<\/td><td class=\"column-2\">M A FHNW in Musikp\u00e4dagogik<\/td><td class=\"column-3\">31.01.2011 - 31.1.2018<\/td>\n<\/tr>\n<tr class=\"row-28\">\n\t<td class=\"column-1\">Fachhochschule Nordwestschweiz FHNW - Hochschule f\u00fcr Musik Basel und Schola Cantorum Basiliensis<\/td><td class=\"column-2\">M A FHNW in Komposition und Musiktheorie<\/td><td class=\"column-3\">31.01.2011 - 31.1.2018<\/td>\n<\/tr>\n<tr class=\"row-29\">\n\t<td class=\"column-1\">Fachhochschule Nordwestschweiz FHNW - Hochschule f\u00fcr Musik Basel und Schola Cantorum Basiliensis<\/td><td class=\"column-2\">M A FHNW in Spezialisierter Musikalischer Performance<\/td><td class=\"column-3\">31.01.2011 - 31.1.2018<\/td>\n<\/tr>\n<tr class=\"row-30\">\n\t<td class=\"column-1\">Fachhochschule Nordwestschweiz FHNW - Hochschule f\u00fcr Musik Basel und Schola Cantorum Basiliensis<\/td><td class=\"column-2\">B A FHNW in Musik und Bewegung<\/td><td class=\"column-3\">31.01.2011 - 30.01.2018<\/td>\n<\/tr>\n<tr class=\"row-31\">\n\t<td class=\"column-1\">Fachhochschule Nordwestschweiz FHNW - Hochschule f\u00fcr Technik<\/td><td class=\"column-2\">B Sc FHNW in Optemetrie<\/td><td class=\"column-3\">25.05.2010 - 24.05.2017<\/td>\n<\/tr>\n<tr class=\"row-32\">\n\t<td class=\"column-1\">Fachhochschule Nordwestschweiz FHNW<\/td><td class=\"column-2\">M Sc in Engineering<\/td><td class=\"column-3\">02.08.2011 - 01.08.2018<\/td>\n<\/tr>\n<tr class=\"row-33\">\n\t<td class=\"column-1\">Fachhochschule Nordwestschweiz FHNW - Hochschule f\u00fcr Musik Basel und Schola Cantorum Basiliensis<\/td><td class=\"column-2\">M A FHNW in Musikalischer Perfomance<\/td><td class=\"column-3\">31.01.2011 - 31.1.2018<\/td>\n<\/tr>\n<tr class=\"row-34\">\n\t<td class=\"column-1\">Fachhochschule Nordwestschweiz FHNW - Hochschule f\u00fcr Musik Basel und Schola Cantorum Basiliensis<\/td><td class=\"column-2\">M A FHNW in Musikp\u00e4dagogik<\/td><td class=\"column-3\">31.01.2011 - 31.1.2018<\/td>\n<\/tr>\n<tr class=\"row-35\">\n\t<td class=\"column-1\">Fachhochschule Nordwestschweiz FHNW - Hochschule f\u00fcr Musik Basel und Schola Cantorum Basiliensis<\/td><td class=\"column-2\">M A FHNW in Komposition und Musiktheorie<\/td><td class=\"column-3\">31.01.2011 - 31.1.2018<\/td>\n<\/tr>\n<tr class=\"row-36\">\n\t<td class=\"column-1\">Fachhochschule Nordwestschweiz FHNW - Hochschule f\u00fcr Musik Basel und Schola Cantorum Basiliensis<\/td><td class=\"column-2\">M A FHNW in Spezialisierter Musikalischer Performance<\/td><td class=\"column-3\">31.01.2011 - 31.1.2018<\/td>\n<\/tr>\n<tr class=\"row-37\">\n\t<td class=\"column-1\">Fachhochschule Nordwestschweiz FHNW - Hochschule f\u00fcr Musik Basel und Schola Cantorum Basiliensis<\/td><td class=\"column-2\">B A FHNW in Musik und Bewegung<\/td><td class=\"column-3\">31.01.2011 - 30.01.2018<\/td>\n<\/tr>\n<tr class=\"row-38\">\n\t<td class=\"column-1\">Fachhochschule Nordwestschweiz FHNW - Hochschule f\u00fcr Technik<\/td><td class=\"column-2\">B Sc FHNW in Optemetrie<\/td><td class=\"column-3\">25.05.2010 - 24.05.2017<\/td>\n<\/tr>\n<tr class=\"row-39\">\n\t<td class=\"column-1\">Fachhochschule Ostschweiz FHO - FHS St. Gallen<\/td><td class=\"column-2\">M Sc FHO in Sozialer Arbeit<\/td><td class=\"column-3\">02.08.2011 - 01.08.2018<\/td>\n<\/tr>\n<tr class=\"row-40\">\n\t<td class=\"column-1\">Fachhochschule Ostschweiz FHO - FHS St. Gallen<\/td><td class=\"column-2\">M Sc FHO in Business Adminstration<\/td><td class=\"column-3\">19.07.2010 - 18.07.2017<\/td>\n<\/tr>\n<tr class=\"row-41\">\n\t<td class=\"column-1\">Fachhochschule Ostschweiz FHO - HTW Chur<\/td><td class=\"column-2\">M Sc FHO in Business Adminstration<\/td><td class=\"column-3\">25.05.2010 - 24.05.2017<\/td>\n<\/tr>\n<tr class=\"row-42\">\n\t<td class=\"column-1\">Fachhochschule Ostschweiz FHO - HTW Chur<\/td><td class=\"column-2\">M Sc in Engineering<\/td><td class=\"column-3\">02.08.2011 - 01.08.2018<\/td>\n<\/tr>\n<tr class=\"row-43\">\n\t<td class=\"column-1\">Fachhochschule Ostschweiz FHO - HTW Chur<\/td><td class=\"column-2\">M Sc FHO in Information Science<\/td><td class=\"column-3\">12.09.2012 - 11.09.2019<\/td>\n<\/tr>\n<tr class=\"row-44\">\n\t<td class=\"column-1\">Fachhochschule Ostschweiz FHO - HTW Chur<\/td><td class=\"column-2\">B Sc FHO in Media Engineering<\/td><td class=\"column-3\">22.06.2011 - 21.06.2018<\/td>\n<\/tr>\n<tr class=\"row-45\">\n\t<td class=\"column-1\">Fachhochschule Ostschweiz FHO - HTW Chur<\/td><td class=\"column-2\">B Sc FHO in Betriebs\u00f6konomie<\/td><td class=\"column-3\">25.04.2008 - 24.04.2015<\/td>\n<\/tr>\n<tr class=\"row-46\">\n\t<td class=\"column-1\">Fachhochschule Ostschweiz FHO - HTW Chur<\/td><td class=\"column-2\">B Sc FHO in Information und Dokumentation<\/td><td class=\"column-3\">25.04.2008 - 24.04.2015<\/td>\n<\/tr>\n<tr class=\"row-47\">\n\t<td class=\"column-1\">Fachhochschule Ostschweiz FHO - HTW Chur<\/td><td class=\"column-2\">B Sc FHO in Tourismus<\/td><td class=\"column-3\">25.04.2008 - 24.04.2015<\/td>\n<\/tr>\n<tr class=\"row-48\">\n\t<td class=\"column-1\">Fachhochschule Ostschweiz FHO - HSR Rapperswil<\/td><td class=\"column-2\">B Sc in Energie- und Umwelttechnik<\/td><td class=\"column-3\">19.06.2014 - 18.06.2021<\/td>\n<\/tr>\n<tr class=\"row-49\">\n\t<td class=\"column-1\">Fachhochschule Zentralschweiz FHZ - Hochschule Luzern - Design &amp; Kunst<\/td><td class=\"column-2\">M A FHZ in Design<\/td><td class=\"column-3\">18.11.2010 - 17.11.2017<\/td>\n<\/tr>\n<tr class=\"row-50\">\n\t<td class=\"column-1\">Fachhochschule Zentralschweiz FHZ - Hochschule Luzern - Design &amp; Kunst<\/td><td class=\"column-2\">M A FHZ in Fine Arts<\/td><td class=\"column-3\">18.11.2010 - 17.11.2017<\/td>\n<\/tr>\n<tr class=\"row-51\">\n\t<td class=\"column-1\">Fachhochschule Zentralschweiz FHZ - Hochschule Luzern - Soziale Arbeit<\/td><td class=\"column-2\">M Sc FHZ in Sozialer Arbeit<\/td><td class=\"column-3\">18.11.2010 - 17.11.2017<\/td>\n<\/tr>\n<tr class=\"row-52\">\n\t<td class=\"column-1\">Fachhochschule Zentralschweiz FHZ - Hochschule Luzern - Technik &amp; Architektur<\/td><td class=\"column-2\">B A FHZ in Innenarchitektur<\/td><td class=\"column-3\">28.06.2012 - 27.06.2019<\/td>\n<\/tr>\n<tr class=\"row-53\">\n\t<td class=\"column-1\">Fachhochschule Zentralschweiz FHZ - Hochschule Luzern - Wirtschaft<\/td><td class=\"column-2\">B Sc FHZ in Wirtschaftsingenieurwesen<\/td><td class=\"column-3\">25.05.2010 - 24.05.2017<\/td>\n<\/tr>\n<tr class=\"row-54\">\n\t<td class=\"column-1\">Fachhochschule Zentralschweiz FHZ - Hochschule Luzern - Wirtschaft<\/td><td class=\"column-2\">M Sc FHZ in Banking &amp; Finance<\/td><td class=\"column-3\">20.12.2010 - 19.12.2017<\/td>\n<\/tr>\n<tr class=\"row-55\">\n\t<td class=\"column-1\">Fachhochschule Zentralschweiz FHZ - Hochschule Luzern - Wirtschaft<\/td><td class=\"column-2\">M Sc FHZ in Business Adminstration<\/td><td class=\"column-3\">18.11.2010 - 17.11.2017<\/td>\n<\/tr>\n<tr class=\"row-56\">\n\t<td class=\"column-1\">Fachhochschule Zentralschweiz FHZ - Hochschule Luzern - Wirtschaft<\/td><td class=\"column-2\">M Sc in Engineering<\/td><td class=\"column-3\">02.08.2011 - 01.08.2018<\/td>\n<\/tr>\n<tr class=\"row-57\">\n\t<td class=\"column-1\">Fachhochschule Zentralschweiz FHZ - Hochschule Luzern - Musik<\/td><td class=\"column-2\">M A FHZ in Musik<\/td><td class=\"column-3\">19.07.2010 - 18.07.2017<\/td>\n<\/tr>\n<tr class=\"row-58\">\n\t<td class=\"column-1\">Fachhochschule Zentralschweiz FHZ - Hochschule Luzern - Musik<\/td><td class=\"column-2\">M A FHZ in Musikp\u00e4dagogik<\/td><td class=\"column-3\">19.07.2010 - 18.07.2017<\/td>\n<\/tr>\n<tr class=\"row-59\">\n\t<td class=\"column-1\">Haute \u00e9cole sp\u00e9cialis\u00e9e de Suisse occidentale (HES-SO) - Economie et Services<\/td><td class=\"column-2\">M Sc HES-SO in Business Adminstration<\/td><td class=\"column-3\">08.09.2011 - 07.09.2018<\/td>\n<\/tr>\n<tr class=\"row-60\">\n\t<td class=\"column-1\">Haute \u00e9cole sp\u00e9cialis\u00e9e de Suisse occidentale (HES-SO) - Economie et Services<\/td><td class=\"column-2\">B Sc HES-SO en Tourisme<\/td><td class=\"column-3\">23.03.2010 - 22.03.2017<\/td>\n<\/tr>\n<tr class=\"row-61\">\n\t<td class=\"column-1\">Haute \u00e9cole sp\u00e9cialis\u00e9e de Suisse occidentale (HES-SO) - Ing\u00e9nierie et Architecture<\/td><td class=\"column-2\">B Sc HES-SO en Industrial Design Engineering<\/td><td class=\"column-3\">20.07.2009 - 19.07.2016<\/td>\n<\/tr>\n<tr class=\"row-62\">\n\t<td class=\"column-1\">Haute \u00e9cole sp\u00e9cialis\u00e9e de Suisse occidentale (HES-SO) - Ing\u00e9nierie et Architecture<\/td><td class=\"column-2\">B Sc HES-SO en Ing\u00e9nierie des technologies de l'information<\/td><td class=\"column-3\">03.08.2015 - 02.08.2022<\/td>\n<\/tr>\n<tr class=\"row-63\">\n\t<td class=\"column-1\">Haute \u00e9cole sp\u00e9cialis\u00e9e de Suisse occidentale (HES-SO) - Ing\u00e9nierie et Architecture<\/td><td class=\"column-2\">B Sc HES-SO en Microtechniques<\/td><td class=\"column-3\">27.01.2014 - 26.01.2021<\/td>\n<\/tr>\n<tr class=\"row-64\">\n\t<td class=\"column-1\">Haute \u00e9cole sp\u00e9cialis\u00e9e de Suisse occidentale (HES-SO) - Ing\u00e9nierie et Architecture<\/td><td class=\"column-2\">MSc en Ing\u00e9nierie du territoire<\/td><td class=\"column-3\">19.06.2014 - 18.06.2021<\/td>\n<\/tr>\n<tr class=\"row-65\">\n\t<td class=\"column-1\">Haute \u00e9cole sp\u00e9cialis\u00e9e de Suisse occidentale (HES-SO) - Musique et Arts de la sc\u00e8ne<\/td><td class=\"column-2\">M A HES-SO en Composition et th\u00e9orie musicale<\/td><td class=\"column-3\">20.12.2010 - 19.12.2017<\/td>\n<\/tr>\n<tr class=\"row-66\">\n\t<td class=\"column-1\">Haute \u00e9cole sp\u00e9cialis\u00e9e de Suisse occidentale (HES-SO) - Musique et Arts de la sc\u00e8ne<\/td><td class=\"column-2\">M A HES-SO en Interpr\u00e9tation musicale<\/td><td class=\"column-3\">20.12.2010 - 19.12.2017<\/td>\n<\/tr>\n<tr class=\"row-67\">\n\t<td class=\"column-1\">Haute \u00e9cole sp\u00e9cialis\u00e9e de Suisse occidentale (HES-SO) - Musique et Arts de la sc\u00e8ne<\/td><td class=\"column-2\">M A HES-SO en Interpr\u00e9tation musicale sp\u00e9cialis\u00e9e<\/td><td class=\"column-3\">20.12.2010 - 19.12.2017<\/td>\n<\/tr>\n<tr class=\"row-68\">\n\t<td class=\"column-1\">Haute \u00e9cole sp\u00e9cialis\u00e9e de Suisse occidentale (HES-SO) - Musique et Arts de la sc\u00e8ne<\/td><td class=\"column-2\">M A HES-SO en P\u00e9dagogie musicale<\/td><td class=\"column-3\">20.12.2010 - 19.12.2017<\/td>\n<\/tr>\n<tr class=\"row-69\">\n\t<td class=\"column-1\">Haute \u00e9cole sp\u00e9cialis\u00e9e de Suisse occidentale (HES-SO) - Sant\u00e9<\/td><td class=\"column-2\">Bachelor of Science en Technique en radiologie m\u00e9dicale<\/td><td class=\"column-3\">22.06.2012 - 21.06.2019<\/td>\n<\/tr>\n<tr class=\"row-70\">\n\t<td class=\"column-1\">Haute \u00e9cole sp\u00e9cialis\u00e9e de Suisse occidentale (HES-SO) - Sant\u00e9<\/td><td class=\"column-2\">M Sc conjoint UNIL-HES-SO en Sciences infirmi\u00e8res<\/td><td class=\"column-3\">19.12.2012 - 18.12.2019<\/td>\n<\/tr>\n<tr class=\"row-71\">\n\t<td class=\"column-1\">Haute \u00e9cole sp\u00e9cialis\u00e9e de Suisse occidentale (HES-SO) - Travail social<\/td><td class=\"column-2\">M A HES-SO en Travail social<\/td><td class=\"column-3\">30.03.2012 - 29.03.2019<\/td>\n<\/tr>\n<tr class=\"row-72\">\n\t<td class=\"column-1\">Haute \u00e9cole sp\u00e9cialis\u00e9e de Suisse occidentale (HES-SO)<\/td><td class=\"column-2\">MSc HES-SO en Information documentaire<\/td><td class=\"column-3\">10.12.2014 - 09.12.2021<\/td>\n<\/tr>\n<tr class=\"row-73\">\n\t<td class=\"column-1\">Kalaidos Fachhochschule<\/td><td class=\"column-2\">BA in Musik<\/td><td class=\"column-3\">28.06.2012 - 28.06.2019<\/td>\n<\/tr>\n<tr class=\"row-74\">\n\t<td class=\"column-1\">Kalaidos Fachhochschule - Departement Gesundheit<\/td><td class=\"column-2\">MSc in Pflege<\/td><td class=\"column-3\">14.03.2014 - 13.03.2021<\/td>\n<\/tr>\n<tr class=\"row-75\">\n\t<td class=\"column-1\">Kalaidos Fachhochschule - Departement Gesundheit<\/td><td class=\"column-2\">B Sc in Pflege<\/td><td class=\"column-3\">30.11.2009 - 29.11.2016<\/td>\n<\/tr>\n<tr class=\"row-76\">\n\t<td class=\"column-1\">Les Roches-Gruy\u00e8re LRG<\/td><td class=\"column-2\">BSc in Hospitality Management<\/td><td class=\"column-3\">15.05.2013 - 14.04.2020<\/td>\n<\/tr>\n<tr class=\"row-77\">\n\t<td class=\"column-1\">Scula universitaria professionale della Svizzera italiana SUPSI<\/td><td class=\"column-2\">M Sc in Engineering<\/td><td class=\"column-3\">02.08.2011 - 01.08.2018<\/td>\n<\/tr>\n<tr class=\"row-78\">\n\t<td class=\"column-1\">Scula universitaria professionale della Svizzera italiana SUPSI<\/td><td class=\"column-2\">M Sc SUPSI in Business Administration<\/td><td class=\"column-3\">20.04.2012 - 19.04.2019<\/td>\n<\/tr>\n<tr class=\"row-79\">\n\t<td class=\"column-1\">Scula universitaria professionale della Svizzera italiana SUPSI - Conservatorio della Svizzera italiana<\/td><td class=\"column-2\">M A SUPSI in Music Performance<\/td><td class=\"column-3\">20.12.2010 - 19.12.2017<\/td>\n<\/tr>\n<tr class=\"row-80\">\n\t<td class=\"column-1\">Scula universitaria professionale della Svizzera italiana SUPSI - Conservatorio della Svizzera italiana<\/td><td class=\"column-2\">M A SUPSI in Specialized Music Performance<\/td><td class=\"column-3\">20.12.2010 - 19.12.2017<\/td>\n<\/tr>\n<tr class=\"row-81\">\n\t<td class=\"column-1\">Scula universitaria professionale della Svizzera italiana SUPSI - Conservatorio della Svizzera italiana<\/td><td class=\"column-2\">M A SUPSI in Music Pedagogy<\/td><td class=\"column-3\">20.12.2010 - 19.12.2017<\/td>\n<\/tr>\n<tr class=\"row-82\">\n\t<td class=\"column-1\">Scula universitaria professionale della Svizzera italiana SUPSI - Conservatorio della Svizzera italiana<\/td><td class=\"column-2\">M A SUPSI in Composition and Music Theory<\/td><td class=\"column-3\">20.12.2010 - 19.12.2017<\/td>\n<\/tr>\n<tr class=\"row-83\">\n\t<td class=\"column-1\">Scula universitaria professionale della Svizzera italiana SUPSI - Dipartimento Sanit\u00e0<\/td><td class=\"column-2\">B Sc SUPSI in cure Infermieristiche<\/td><td class=\"column-3\">31.03.2010 - 30.03.2017<\/td>\n<\/tr>\n<tr class=\"row-84\">\n\t<td class=\"column-1\">Scula universitaria professionale della Svizzera italiana SUPSI - Dipartimento Sanit\u00e0<\/td><td class=\"column-2\">B Sc SUPSI in Fisioteraia<\/td><td class=\"column-3\">31.03.2010 - 30.03.2017<\/td>\n<\/tr>\n<tr class=\"row-85\">\n\t<td class=\"column-1\">Scula universitaria professionale della Svizzera italiana SUPSI - Dipartimento Sanit\u00e0<\/td><td class=\"column-2\">B Sc SUPSI in Ergoterapie<\/td><td class=\"column-3\">31.03.2010 - 30.03.2017<\/td>\n<\/tr>\n<tr class=\"row-86\">\n\t<td class=\"column-1\">Scula universitaria professionale della Svizzera italiana SUPSI - Dipartimento tecnologie innovative<\/td><td class=\"column-2\">B Sc SUPSI in Ingegneria gestionale<\/td><td class=\"column-3\">05.12.2012 - 04.12.2019<\/td>\n<\/tr>\n<tr class=\"row-87\">\n\t<td class=\"column-1\">Scula universitaria professionale della Svizzera italiana SUPSI - Dipartimento tecnologie innovative<\/td><td class=\"column-2\">B Sc SUPSI in Ingegneria meccanica<\/td><td class=\"column-3\">01.05.2009 - 30.04.2016<\/td>\n<\/tr>\n<tr class=\"row-88\">\n\t<td class=\"column-1\">Z\u00fcrcher Fachhochschule ZFH - HWZ Hochschule f\u00fcr Wirtschaft<\/td><td class=\"column-2\">Master of Science in Business Adminstration mit Vertiefung in Strategic Management<\/td><td class=\"column-3\">02.08.2011 - 01.08.2018<\/td>\n<\/tr>\n<tr class=\"row-89\">\n\t<td class=\"column-1\">Z\u00fcrcher Fachhochschule ZFH - Z\u00fcrcher Hochschule f\u00fcr Angewandte Wissenschaften ZHAW<\/td><td class=\"column-2\">M Sc ZFH in Facility Management<\/td><td class=\"column-3\">19.06.2014 - 18.06.2021<\/td>\n<\/tr>\n<tr class=\"row-90\">\n\t<td class=\"column-1\">Z\u00fcrcher Fachhochschule ZFH - Z\u00fcrcher Hochschule f\u00fcr Angewandte Wissenschaften ZHAW<\/td><td class=\"column-2\">BSc Energie- und Umwelttechnik<\/td><td class=\"column-3\">01.12.2014 - 30.11.2021<\/td>\n<\/tr>\n<tr class=\"row-91\">\n\t<td class=\"column-1\">Z\u00fcrcher Fachhochschule ZFH - Z\u00fcrcher Hochschule f\u00fcr Angewandte Wissenschaften ZHAW<\/td><td class=\"column-2\">B Sc ZFH in Systemtechnik<\/td><td class=\"column-3\">20.07.2009 - 19.07.2016<\/td>\n<\/tr>\n<tr class=\"row-92\">\n\t<td class=\"column-1\">Z\u00fcrcher Fachhochschule ZFH - Z\u00fcrcher Hochschule f\u00fcr Angewandte Wissenschaften ZHAW<\/td><td class=\"column-2\">B Sc ZFH in Verkehrssysteme<\/td><td class=\"column-3\">05.12.2012 - 04.12.2019<\/td>\n<\/tr>\n<tr class=\"row-93\">\n\t<td class=\"column-1\">Z\u00fcrcher Fachhochschule ZFH - Z\u00fcrcher Hochschule f\u00fcr Angewandte Wissenschaften ZHAW<\/td><td class=\"column-2\">B Sc ZFH in Wirtschaftsingenieurwesen<\/td><td class=\"column-3\">20.07.2009 - 19.07.2016<\/td>\n<\/tr>\n<tr class=\"row-94\">\n\t<td class=\"column-1\">Z\u00fcrcher Fachhochschule ZFH - Z\u00fcrcher Hochschule f\u00fcr Angewandte Wissenschaften ZHAW<\/td><td class=\"column-2\">B Sc ZFH in Aviatik<\/td><td class=\"column-3\">20.07.2009 - 19.07.2016<\/td>\n<\/tr>\n<tr class=\"row-95\">\n\t<td class=\"column-1\">Z\u00fcrcher Fachhochschule ZFH - Z\u00fcrcher Hochschule f\u00fcr Angewandte Wissenschaften ZHAW<\/td><td class=\"column-2\">B Sc ZFH in Informatik<\/td><td class=\"column-3\">18.03.2011 - 17.03.2018<\/td>\n<\/tr>\n<tr class=\"row-96\">\n\t<td class=\"column-1\">Z\u00fcrcher Fachhochschule ZFH - Z\u00fcrcher Hochschule f\u00fcr Angewandte Wissenschaften ZHAW<\/td><td class=\"column-2\">B Sc ZFH in Kommunikation<\/td><td class=\"column-3\">23.03.2010 - 22.03.2017<\/td>\n<\/tr>\n<tr class=\"row-97\">\n\t<td class=\"column-1\">Z\u00fcrcher Fachhochschule ZFH - Z\u00fcrcher Hochschule f\u00fcr Angewandte Wissenschaften ZHAW<\/td><td class=\"column-2\">M Sc in Engineering<\/td><td class=\"column-3\">02.08.2011 - 01.08.2018<\/td>\n<\/tr>\n<tr class=\"row-98\">\n\t<td class=\"column-1\">Z\u00fcrcher Fachhochschule ZFH - Z\u00fcrcher Hochschule f\u00fcr Angewandte Wissenschaften ZHAW<\/td><td class=\"column-2\">M Sc ZFH in Sozialer Arbeit<\/td><td class=\"column-3\">02.08.2011 - 01.08.2018<\/td>\n<\/tr>\n<\/tbody>\n<\/table>\n<!-- #tablepress-1 from cache --><\/div><\/div>[\/vc_column][\/vc_row]\n<\/div>","protected":false},"excerpt":{"rendered":"<p>[vc_row][vc_column][vc_column_text css=\u00a0\u00bb.vc_custom_1443543254755{margin-bottom: 35px !important;}\u00a0\u00bb]<br \/>\nAccr\u00e9ditation de programmes<br \/>\n[\/vc_column_text][vc_column_text css=\u00a0\u00bb.vc_custom_1588878129141{margin-bottom: 35px !important;}\u00a0\u00bb]L\u2019AAQ m\u00e8ne en Suisse diff\u00e9rentes formes d\u2019accr\u00e9ditation au niveau des programmes:<\/p>\n<p>l\u2019accr\u00e9ditation de programmes d\u2019\u00e9tudes selon la LEHE<br \/>\nl&rsquo;accr\u00e9ditation de fili\u00e8res d\u2019\u00e9tudes selon la<\/p>\n","protected":false},"author":10,"featured_media":0,"parent":6181,"menu_order":2,"comment_status":"closed","ping_status":"closed","template":"page-side-navigation.php","meta":{"footnotes":""},"_links":{"self":[{"href":"https:\/\/aaq.ch\/fr\/wp-json\/wp\/v2\/pages\/8642"}],"collection":[{"href":"https:\/\/aaq.ch\/fr\/wp-json\/wp\/v2\/pages"}],"about":[{"href":"https:\/\/aaq.ch\/fr\/wp-json\/wp\/v2\/types\/page"}],"author":[{"embeddable":true,"href":"https:\/\/aaq.ch\/fr\/wp-json\/wp\/v2\/users\/10"}],"replies":[{"embeddable":true,"href":"https:\/\/aaq.ch\/fr\/wp-json\/wp\/v2\/comments?post=8642"}],"version-history":[{"count":38,"href":"https:\/\/aaq.ch\/fr\/wp-json\/wp\/v2\/pages\/8642\/revisions"}],"predecessor-version":[{"id":17500,"href":"https:\/\/aaq.ch\/fr\/wp-json\/wp\/v2\/pages\/8642\/revisions\/17500"}],"up":[{"embeddable":true,"href":"https:\/\/aaq.ch\/fr\/wp-json\/wp\/v2\/pages\/6181"}],"wp:attachment":[{"href":"https:\/\/aaq.ch\/fr\/wp-json\/wp\/v2\/media?parent=8642"}],"curies":[{"name":"wp","href":"https:\/\/api.w.org\/{rel}","templated":true}]}}